{"id":93,"date":"2015-11-12T17:59:35","date_gmt":"2015-11-12T17:59:35","guid":{"rendered":"http:\/\/www.vigilanterodoviario.com.br\/serie\/?page_id=93"},"modified":"2015-11-12T17:59:35","modified_gmt":"2015-11-12T17:59:35","slug":"elenco","status":"publish","type":"page","link":"https:\/\/www.vigilanterodoviario.com.br\/retro\/elenco\/","title":{"rendered":"Elenco"},"content":{"rendered":"<p><a href=\"http:\/\/www.vigilanterodoviario.com.br\/serie\/wp-content\/uploads\/2015\/11\/aryfernandes.jpg\"><img decoding=\"async\" src=\"http:\/\/www.vigilanterodoviario.com.br\/serie\/wp-content\/uploads\/2015\/11\/aryfernandes.jpg\" alt=\"Ary Fernandes e equipe\" width=\"300\" class=\"alignright size-medium wp-image-95\" \/><\/a>Idealiza\u00e7\u00e3o e Cria\u00e7\u00e3o :  Ary Fernandes<\/p>\n<p>Compositor da Can\u00e7\u00e3o Tema &#8220;O Vigilante Rodovi\u00e1rio&#8221;:  Ary Fernandes<\/p>\n<p>Dire\u00e7\u00e3o :  Ary Fernandes<\/p>\n<p>Produtores :  Alfredo Pal\u00e1cios  <\/p>\n<p>                  Cl\u00e1udio Petr\u00e1glia          <\/p>\n<p>Argumento e Roteiro :  Ary Fernandes<\/p>\n<p>                               F\u00e1bio Novaes<\/p>\n<p>Diretor de Produ\u00e7\u00e3o :   S\u00e9rgio  Ricci<\/p>\n<p>Fotografia de Cena :    Jos\u00e9 Amaral<\/p>\n<p>Sonoplastia :              Paulo Bergamasco<\/p>\n<p>Chefe Eletricista :        Osvaldo Leonel<\/p>\n<p>Cenografia :               Jos\u00e9 Pereira da Silva<\/p>\n<p>                                Carlos Marti<\/p>\n<p>Assistente de C\u00e2mera:  Renato Damiani<\/p>\n<p>Assistente de Dire\u00e7\u00e3o:  Wilson Ramalho <\/p>\n<p>Assistentes de Edi\u00e7\u00e3o:  Selma da S. Rocha                                  <\/p>\n<p>                                Iria<\/p>\n<p>Editor de Fotografia do Epis\u00f3dio Final : Eliseo Fernandes<\/p>\n<p>Diretor de Fotografia :  Osvaldo de Oliveira<\/p>\n<p>Contra-regra :             Jos\u00e9 Moura  <\/p>\n<p>Editor :                      Luiz Elias<\/p>\n<p>Servi\u00e7os Sonoros &#8211; Cia. Cinematogr\u00e1fica Vera Cruz &#8211; Engenheiro Ernst Hack<\/p>\n<p>Patrocinado por           Produtos Nestl\u00e9 <\/p>\n<p>Direitos Autorais Reservados da s\u00e9rie e da can\u00e7\u00e3o Tema:  Ary Fernandes<\/p>\n<p>Propriedade da marca registrada : PROCITEL Produ\u00e7\u00e3o Cine Televis\u00e3o Ltda.<\/p>\n<p>Elenco Fixo:<\/p>\n<p>Carlos Miranda &#8211; Inspetor Carlos<\/p>\n<p>Reginaldo Vieira &#8211; Tuca<\/p>\n<p>King &#8211; Lobo (C\u00e3o)<\/p>\n<p>Grande Elenco    (em ordem Alfab\u00e9tica)<\/p>\n<p>Alcides Gerardi \u2013 A Chantagem<\/p>\n<p>Am\u00e2ndio Silva Filho \u2013 O Homem do Realejo<\/p>\n<p>Angela Diniz &#8211;<\/p>\n<p>Altino Moreira &#8211;<\/p>\n<p>Arnaldo Weiss \u2013 O M\u00e1gico<\/p>\n<p>Ary Fontoura \u2013 Aventuras em Vila Velha<\/p>\n<p>Ary Toledo \u2013 Rem\u00e9dios Falsificados<\/p>\n<p>Cacildo Cristofaro &#8211;<\/p>\n<p>Carlos Ayrton &#8211;<\/p>\n<p>Cavagnolle Neto &#8211; Mapa Hist\u00f3rico<br \/>\nClovis de Freitas &#8211;<\/p>\n<p>Dirceu Conte &#8211; O Rapto do Juca<\/p>\n<p>Douglas de Oliveira &#8211; Bola de Meia e outros<\/p>\n<p>Edgard Franco \u2013 O Garimpo, Caf\u00e9 Marcado, F\u00f3rmula do G\u00e1s, O Suspeito<\/p>\n<p>Edmundo Lopes &#8211;<br \/>\nElisa Negri &#8211;<\/p>\n<p>El\u00edsio Albuquerque \u2013 O Invento<\/p>\n<p>Fausto Rocha \u2013 O Recruta<\/p>\n<p>Francisco Diez &#8211;<\/p>\n<p>Francisco Pereira &#8211;<\/p>\n<p>F\u00falvio Stefanini \u2013 A Rep\u00f3rter e Zuni, o Potrinho<\/p>\n<p>Etty Fraser \u2013 O Rapto do Juca<\/p>\n<p>Geraldo Del\u2019Rey \u2013 O Invento<\/p>\n<p>Gilberto Marques \u2013 O Garimpo<\/p>\n<p>Gilberto Wagner \u2013 O Suspeito<\/p>\n<p>Guilherme Toscano &#8211; O Ventr\u00edloquo<\/p>\n<p>Guy Loup \u2013 Mist\u00e9rio do Embu<\/p>\n<p>Henric\u00e3o \u2013 Caf\u00e9 Marcado<\/p>\n<p>Indiano &#8211;<\/p>\n<p>Ivo Devito &#8211;<\/p>\n<p>Ivo Ferro \u2013 Aventuras em Vila Velha<\/p>\n<p>Jo\u00e3o Carlos Vieira &#8211;<\/p>\n<p>Jairo Arco e Flexa &#8211;<\/p>\n<p>Juca Chaves \u2013 O Rapto do Juca<\/p>\n<p>La\u00e9rcio Laurelli \u2013 O Suspeito<br \/>\nLeo Avelar &#8211;<\/p>\n<p>Lola Brah \u2013 Aventuras em Ouro Preto<\/p>\n<p>Luciano Gr\u00e9gori &#8211; O Mordomo e A Extors\u00e3o<\/p>\n<p>Luiz Alberto &#8211;<\/p>\n<p>Lucy Meirellles \u2013 A Extors\u00e3o  <\/p>\n<p>Lu\u00eds Guilherme \u2013 (menino Zeca) Zuni, O Potrinho<\/p>\n<p>Magno Marino &#8211;<\/p>\n<p>Maria Anita &#8211;<\/p>\n<p>M\u00e1rcia Cardeal \u2013 O Fugitivo<\/p>\n<p>Maria Cec\u00edlia Camargo \u2013 F\u00f3rmula do G\u00e1s<\/p>\n<p>M\u00e1rio Alimari \u2013 Pombo Correio<\/p>\n<p>M\u00e1rio L\u00facio Freitas &#8211; O Assalto, O Suspeito, Bola de Meia, Os Cinco Valentes<\/p>\n<p>Marlene Fran\u00e7a \u2013 O Rapto do Juca<\/p>\n<p>Maur\u00edcio T\u00e1vora \u2013 Aventuras em Vila Velha<\/p>\n<p>Marthus Mathias &#8211; Caf\u00e9 Marcado<\/p>\n<p>Milton Bezan &#8211;<\/p>\n<p>Milton Gon\u00e7alves \u2013 As Aventuras do Tuca<\/p>\n<p>Milton Riberio \u2013 O Fugitivo<br \/>\nNelson Baldi &#8211;<\/p>\n<p>Nelson de Oliveira &#8211;<br \/>\nNelson Turini \u2013 Hist\u00f3ria do Lobo e outros epis\u00f3dios<br \/>\nNestor Lima \u2013 O Garimpo<\/p>\n<p>Osvaldo Bigode &#8211;<\/p>\n<p>Paulo Meniz &#8211;<\/p>\n<p>Percival Ferreira &#8211;<\/p>\n<p>Renato M\u00e1ster \u2013 O Recruta<\/p>\n<p>Roberto de Oliveira &#8211;<\/p>\n<p>Rosamaria Murtinho \u2013 A Rep\u00f3rter<\/p>\n<p>Sab\u00fa &#8211;<\/p>\n<p>S\u00e9rgio Hingst \u2013 F\u00f3rmula do G\u00e1s<\/p>\n<p>Solano Ribeiro &#8211;<\/p>\n<p>St\u00eanio Garcia \u2013 Terras de Ningu\u00e9m e A Chantagem<\/p>\n<p>Tony Campello &#8211;  A Extors\u00e3o<\/p>\n<p>Tur\u00edbio Ru\u00edz &#8211; O Ventr\u00edloquo<\/p>\n<p>Valentino Guzzo \u2013 O Suspeito<\/p>\n<p>Xand\u00f3 Batista \u2013 O Mordomo, Zuni O Potrinho<\/p>\n<p>Xer\u00e9m &#8211; Mapa Hist\u00f3rico<\/p>\n<p>Walter Moreno &#8211;<\/p>\n<p>Washington Coimbra &#8211; (Comandante &#8211; Maior parte dos epis\u00f3dios)<\/p>\n<p>Garotos:<\/p>\n<p>Miguel  &#8211;  Os Cinco Valentes<\/p>\n<p>Arlindo &#8211;  Os Cinco Valentes<\/p>\n<p>Pel\u00e9     &#8211;  Os Cinco Valentes e Bola de Meia<\/p>\n<p>Alfredo  &#8211; Os Cinco Valentes<\/p>\n","protected":false},"excerpt":{"rendered":"<p>Idealiza\u00e7\u00e3o e Cria\u00e7\u00e3o : Ary Fernandes Compositor da Can\u00e7\u00e3o Tema &#8220;O Vigilante Rodovi\u00e1rio&#8221;: Ary Fernandes Dire\u00e7\u00e3o : Ary Fernandes Produtores : Alfredo Pal\u00e1cios Cl\u00e1udio Petr\u00e1glia Argumento e Roteiro : Ary Fernandes F\u00e1bio Novaes Diretor de Produ\u00e7\u00e3o : S\u00e9rgio Ricci Fotografia de Cena : Jos\u00e9 Amaral Sonoplastia : Paulo Bergamasco Chefe Eletricista : Osvaldo Leonel Cenografia &#8230; <a title=\"Elenco\" class=\"read-more\" href=\"https:\/\/www.vigilanterodoviario.com.br\/retro\/elenco\/\">Acesse aqui<span class=\"screen-reader-text\">Elenco<\/span><\/a><\/p>\n","protected":false},"author":2,"featured_media":0,"parent":0,"menu_order":0,"comment_status":"closed","ping_status":"open","template":"","meta":{"footnotes":""},"class_list":["post-93","page","type-page","status-publish"],"_links":{"self":[{"href":"https:\/\/www.vigilanterodoviario.com.br\/retro\/wp-json\/wp\/v2\/pages\/93","targetHints":{"allow":["GET"]}}],"collection":[{"href":"https:\/\/www.vigilanterodoviario.com.br\/retro\/wp-json\/wp\/v2\/pages"}],"about":[{"href":"https:\/\/www.vigilanterodoviario.com.br\/retro\/wp-json\/wp\/v2\/types\/page"}],"author":[{"embeddable":true,"href":"https:\/\/www.vigilanterodoviario.com.br\/retro\/wp-json\/wp\/v2\/users\/2"}],"replies":[{"embeddable":true,"href":"https:\/\/www.vigilanterodoviario.com.br\/retro\/wp-json\/wp\/v2\/comments?post=93"}],"version-history":[{"count":0,"href":"https:\/\/www.vigilanterodoviario.com.br\/retro\/wp-json\/wp\/v2\/pages\/93\/revisions"}],"wp:attachment":[{"href":"https:\/\/www.vigilanterodoviario.com.br\/retro\/wp-json\/wp\/v2\/media?parent=93"}],"curies":[{"name":"wp","href":"https:\/\/api.w.org\/{rel}","templated":true}]}}