{"id":847,"date":"2016-10-15T13:34:22","date_gmt":"2016-10-15T13:34:22","guid":{"rendered":"http:\/\/www.vigilanterodoviario.com.br\/retro\/?page_id=847"},"modified":"2022-02-12T14:34:57","modified_gmt":"2022-02-12T14:34:57","slug":"canal-brasil-entrevista","status":"publish","type":"page","link":"https:\/\/www.vigilanterodoviario.com.br\/retro\/canal-brasil-entrevista\/","title":{"rendered":"Canal Brasil &#8211; Entrevista"},"content":{"rendered":"<p>Informativo<\/p>\n<p>No ano de 2008, Ary Fernandes atrav\u00e9s de sua empresa PROCITEL &#8211; Produ\u00e7\u00f5es Cine Televis\u00e3o Ltda. e o Canal Brazil S.A., firmaram parceria para a volta do &#8220;O VIGILANTE RODOVI\u00c1RIO&#8221; para exibi\u00e7\u00e3o pela TV por esse canal.<\/p>\n<p>Desde de 09 de mar\u00e7o de 2009, segunda-feira, os assinantes deste canal est\u00e3o tendo a oportunidade de rever as aventuras do nosso pioneiro seriado brasileiro, criado e dirigido pelo cineasta Ary Fernandes.<\/p>\n<p>Est\u00e3o sendo reapresentados 35 epis\u00f3dios originais remasterizados (telecinados) pelos est\u00fadios do grupo Casablanca \/ Telimage de S\u00e3o Paulo.<\/p>\n<p>A s\u00e9rie est\u00e1 sendo exibida sem cortes ou edi\u00e7\u00f5es.<\/p>\n<p>Entrevista exibida pelo Canal Brasil no programa &#8220;Claquete&#8221;:<\/p>\n\t<video id=\"wp_mep_1\"   width=\"100%\" height=\"430\"  controls=\"controls\" preload=\"none\"  >\r\n\t\t<source src=\"https:\/\/www.vigilanterodoviario.com.br\/retro\/wp-content\/uploads\/2022\/02\/entrevista-canal-brasil.mp4.mp4\" type=\"video\/mp4\" \/>\r\n\t\t\r\n\t\t\r\n\t\t\r\n\t\t\r\n\t\t\r\n\t\t\r\n\t<\/video>\r\n<script type=\"text\/javascript\">\r\njQuery(document).ready(function($) {\r\n\t$('#wp_mep_1').mediaelementplayer({\r\n\t\tm:1\r\n\t\t\r\n\t\t,features: ['playpause','current','progress','duration','volume','tracks','fullscreen']\r\n\t\t\r\n\t});\r\n});\r\n<\/script>\r\n\n<p>Todas as Segundas as 20:30hs, Ter\u00e7as as 15:30hs e Domingos as 11:00hs no &#8220;CANAL BRASIL&#8221;<\/p>\n<p>Canal Brasil est\u00e1 dispon\u00edvel nas operadoras por assinatura:<\/p>\n<p>NET, TVA e SKY ou nas operadoras de TV por assinatura.<\/p>\n<p>Consulte: <a href=\"http:\/\/globosat.globo.com\/canalbrasil\/\" target=\"_blank\" rel=\"noopener\">Canal Brasil<\/a><\/p>\n","protected":false},"excerpt":{"rendered":"<p>Informativo No ano de 2008, Ary Fernandes atrav\u00e9s de sua empresa PROCITEL &#8211; Produ\u00e7\u00f5es Cine Televis\u00e3o Ltda. e o Canal Brazil S.A., firmaram parceria para a volta do &#8220;O VIGILANTE RODOVI\u00c1RIO&#8221; para exibi\u00e7\u00e3o pela TV por esse canal. Desde de 09 de mar\u00e7o de 2009, segunda-feira, os assinantes deste canal est\u00e3o tendo a oportunidade de &#8230; <a title=\"Canal Brasil &#8211; Entrevista\" class=\"read-more\" href=\"https:\/\/www.vigilanterodoviario.com.br\/retro\/canal-brasil-entrevista\/\">Acesse aqui<span class=\"screen-reader-text\">Canal Brasil &#8211; Entrevista<\/span><\/a><\/p>\n","protected":false},"author":2,"featured_media":0,"parent":0,"menu_order":0,"comment_status":"closed","ping_status":"closed","template":"","meta":{"footnotes":""},"class_list":["post-847","page","type-page","status-publish"],"_links":{"self":[{"href":"https:\/\/www.vigilanterodoviario.com.br\/retro\/wp-json\/wp\/v2\/pages\/847","targetHints":{"allow":["GET"]}}],"collection":[{"href":"https:\/\/www.vigilanterodoviario.com.br\/retro\/wp-json\/wp\/v2\/pages"}],"about":[{"href":"https:\/\/www.vigilanterodoviario.com.br\/retro\/wp-json\/wp\/v2\/types\/page"}],"author":[{"embeddable":true,"href":"https:\/\/www.vigilanterodoviario.com.br\/retro\/wp-json\/wp\/v2\/users\/2"}],"replies":[{"embeddable":true,"href":"https:\/\/www.vigilanterodoviario.com.br\/retro\/wp-json\/wp\/v2\/comments?post=847"}],"version-history":[{"count":3,"href":"https:\/\/www.vigilanterodoviario.com.br\/retro\/wp-json\/wp\/v2\/pages\/847\/revisions"}],"predecessor-version":[{"id":1347,"href":"https:\/\/www.vigilanterodoviario.com.br\/retro\/wp-json\/wp\/v2\/pages\/847\/revisions\/1347"}],"wp:attachment":[{"href":"https:\/\/www.vigilanterodoviario.com.br\/retro\/wp-json\/wp\/v2\/media?parent=847"}],"curies":[{"name":"wp","href":"https:\/\/api.w.org\/{rel}","templated":true}]}}