{"id":828,"date":"2016-10-13T13:44:27","date_gmt":"2016-10-13T13:44:27","guid":{"rendered":"http:\/\/www.vigilanterodoviario.com.br\/retro\/?page_id=828"},"modified":"2016-10-13T13:47:48","modified_gmt":"2016-10-13T13:47:48","slug":"ary-e-carlos","status":"publish","type":"page","link":"https:\/\/www.vigilanterodoviario.com.br\/retro\/ary-e-carlos\/","title":{"rendered":"Ary e Carlos"},"content":{"rendered":"<p>&#8216;VIGILANTE RODOVI\u00c1RIO\u00ae &#8211; A HIST\u00d3RIA QUE O TEMPO N\u00c3O APAGA&#8217;<\/p>\n<p><a href=\"http:\/\/www.vigilanterodoviario.com.br\/ary_lobo_carlinhos_pequeno.jpg\"><img loading=\"lazy\" decoding=\"async\" src=\"http:\/\/www.vigilanterodoviario.com.br\/ary_lobo_carlinhos_pequeno.jpg\" width=\"240\" height=\"290\" class=\"aligncenter\" \/><\/a><br \/>\nFoto realizada durante as filmagens da s\u00e9rie do Vigilante Rodovi\u00e1rio\u00ae em 1961. O Cineasta, criador e diretor da s\u00e9rie Ary Fernandes, o ator Carlos Miranda e c\u00e3o Lobo (de \u00f3culos). <\/p>\n<p><center>Depois&#8230;<\/center><br \/>\n<div class='content-column one_half'><a href=\"http:\/\/www.vigilanterodoviario.com.br\/ary_carlinhos_sesc.jpg\"><img loading=\"lazy\" decoding=\"async\" src=\"http:\/\/www.vigilanterodoviario.com.br\/ary_carlinhos_sesc.jpg\" width=\"240\" height=\"180\" class=\"alignleft\" \/><\/a><\/div><div class='content-column one_half last_column'><a href=\"http:\/\/www.vigilanterodoviario.com.br\/ary_carlinhos_sesc1.jpg\"><img loading=\"lazy\" decoding=\"async\" src=\"http:\/\/www.vigilanterodoviario.com.br\/ary_carlinhos_sesc1.jpg\" width=\"240\" height=\"180\" class=\"alignleft\" \/><\/a><\/div><div class='clear_column'><\/div><\/p>\n<p><div class='content-column one_half'><a href=\"http:\/\/www.vigilanterodoviario.com.br\/ary_carlinhos_sesc2.jpg\"><img loading=\"lazy\" decoding=\"async\" src=\"http:\/\/www.vigilanterodoviario.com.br\/ary_carlinhos_sesc2.jpg\" width=\"240\" height=\"180\" class=\"alignleft\" \/><\/a><\/div><div class='content-column one_half last_column'><a href=\"http:\/\/www.vigilanterodoviario.com.br\/fotovigilante_pequeno.jpg\"><img loading=\"lazy\" decoding=\"async\" src=\"http:\/\/www.vigilanterodoviario.com.br\/fotovigilante_pequeno.jpg\" width=\"240\" height=\"190\" class=\"alignleft\" \/><\/a><\/div><div class='clear_column'><\/div><\/p>\n<p>Palestra no Sesc em S\u00e3o Paulo (Julho\/2004), com exibi\u00e7\u00e3o dos epis\u00f3dio da s\u00e9rie do Vigilante Rodovi\u00e1rio\u00ae, ap\u00f3s 43 anos, o criador e seu personagem continuam recebendo o mesmo carinho dos f\u00e3s. O cineasta, criador e diretor da s\u00e9rie Ary Fernandes e o ator Carlos Miranda. <\/p>\n","protected":false},"excerpt":{"rendered":"<p>&#8216;VIGILANTE RODOVI\u00c1RIO\u00ae &#8211; A HIST\u00d3RIA QUE O TEMPO N\u00c3O APAGA&#8217; Foto realizada durante as filmagens da s\u00e9rie do Vigilante Rodovi\u00e1rio\u00ae em 1961. O Cineasta, criador e diretor da s\u00e9rie Ary Fernandes, o ator Carlos Miranda e c\u00e3o Lobo (de \u00f3culos). Depois&#8230; Palestra no Sesc em S\u00e3o Paulo (Julho\/2004), com exibi\u00e7\u00e3o dos epis\u00f3dio da s\u00e9rie do &#8230; <a title=\"Ary e Carlos\" class=\"read-more\" href=\"https:\/\/www.vigilanterodoviario.com.br\/retro\/ary-e-carlos\/\">Acesse aqui<span class=\"screen-reader-text\">Ary e Carlos<\/span><\/a><\/p>\n","protected":false},"author":2,"featured_media":0,"parent":0,"menu_order":0,"comment_status":"closed","ping_status":"closed","template":"","meta":{"footnotes":""},"class_list":["post-828","page","type-page","status-publish"],"_links":{"self":[{"href":"https:\/\/www.vigilanterodoviario.com.br\/retro\/wp-json\/wp\/v2\/pages\/828","targetHints":{"allow":["GET"]}}],"collection":[{"href":"https:\/\/www.vigilanterodoviario.com.br\/retro\/wp-json\/wp\/v2\/pages"}],"about":[{"href":"https:\/\/www.vigilanterodoviario.com.br\/retro\/wp-json\/wp\/v2\/types\/page"}],"author":[{"embeddable":true,"href":"https:\/\/www.vigilanterodoviario.com.br\/retro\/wp-json\/wp\/v2\/users\/2"}],"replies":[{"embeddable":true,"href":"https:\/\/www.vigilanterodoviario.com.br\/retro\/wp-json\/wp\/v2\/comments?post=828"}],"version-history":[{"count":0,"href":"https:\/\/www.vigilanterodoviario.com.br\/retro\/wp-json\/wp\/v2\/pages\/828\/revisions"}],"wp:attachment":[{"href":"https:\/\/www.vigilanterodoviario.com.br\/retro\/wp-json\/wp\/v2\/media?parent=828"}],"curies":[{"name":"wp","href":"https:\/\/api.w.org\/{rel}","templated":true}]}}