{"id":812,"date":"2016-10-11T20:48:39","date_gmt":"2016-10-11T20:48:39","guid":{"rendered":"http:\/\/www.vigilanterodoviario.com.br\/retro\/?page_id=812"},"modified":"2016-10-13T13:30:25","modified_gmt":"2016-10-13T13:30:25","slug":"autografos","status":"publish","type":"page","link":"https:\/\/www.vigilanterodoviario.com.br\/retro\/autografos\/","title":{"rendered":"Noite de Aut\u00f3grafos"},"content":{"rendered":"<p>&#8220;30\u00aa Mostra Internacional de Cinema de S\u00e3o Paulo&#8221;<br \/>\nLan\u00e7amento do Livro: Ary Fernandes &#8211; Sua Fascinante Hist\u00f3ria<br \/>\n25\/10\/2006<\/p>\n<p>\t<video id=\"wp_mep_1\" src=\"http:\/\/www.vigilanterodoviario.com.br\/aplauso.wmv\"  width=\"590\" height=\"330\"  controls=\"controls\" preload=\"none\"  >\r\n\t\t\r\n\t\t\r\n\t\t\r\n\t\t\r\n\t\t\r\n\t\t\r\n\t\t\r\n\t<\/video>\r\n<script type=\"text\/javascript\">\r\njQuery(document).ready(function($) {\r\n\t$('#wp_mep_1').mediaelementplayer({\r\n\t\tm:1\r\n\t\t\r\n\t\t,features: ['playpause','current','progress','duration','volume','tracks','fullscreen']\r\n\t\t\r\n\t});\r\n});\r\n<\/script>\r\nEntrevista para o Programa Metr\u00f3polis &#8211; TV Cultura<\/p>\n<p>\t<video id=\"wp_mep_2\" src=\"http:\/\/www.vigilanterodoviario.com.br\/aplauso1.wmv\"  width=\"590\" height=\"330\"  controls=\"controls\" preload=\"none\"  >\r\n\t\t\r\n\t\t\r\n\t\t\r\n\t\t\r\n\t\t\r\n\t\t\r\n\t\t\r\n\t<\/video>\r\n<script type=\"text\/javascript\">\r\njQuery(document).ready(function($) {\r\n\t$('#wp_mep_2').mediaelementplayer({\r\n\t\tm:1\r\n\t\t\r\n\t\t,features: ['playpause','current','progress','duration','volume','tracks','fullscreen']\r\n\t\t\r\n\t});\r\n});\r\n<\/script>\r\nEntrevista para o Programa Metr\u00f3polis &#8211; TV Cultura<\/p>\n<p>\t<video id=\"wp_mep_3\" src=\"http:\/\/www.vigilanterodoviario.com.br\/aplauso2.wmv\"  width=\"590\" height=\"330\"  controls=\"controls\" preload=\"none\"  >\r\n\t\t\r\n\t\t\r\n\t\t\r\n\t\t\r\n\t\t\r\n\t\t\r\n\t\t\r\n\t<\/video>\r\n<script type=\"text\/javascript\">\r\njQuery(document).ready(function($) {\r\n\t$('#wp_mep_3').mediaelementplayer({\r\n\t\tm:1\r\n\t\t\r\n\t\t,features: ['playpause','current','progress','duration','volume','tracks','fullscreen']\r\n\t\t\r\n\t});\r\n});\r\n<\/script>\r\nAry cumprimentando os colegas homenageados e revendo seu antigo amigo, Ary Fontoura<\/p>\n<p>\t<video id=\"wp_mep_4\" src=\"http:\/\/www.vigilanterodoviario.com.br\/aplauso3.wmv\"  width=\"590\" height=\"330\"  controls=\"controls\" preload=\"none\"  >\r\n\t\t\r\n\t\t\r\n\t\t\r\n\t\t\r\n\t\t\r\n\t\t\r\n\t\t\r\n\t<\/video>\r\n<script type=\"text\/javascript\">\r\njQuery(document).ready(function($) {\r\n\t$('#wp_mep_4').mediaelementplayer({\r\n\t\tm:1\r\n\t\t\r\n\t\t,features: ['playpause','current','progress','duration','volume','tracks','fullscreen']\r\n\t\t\r\n\t});\r\n});\r\n<\/script>\r\nAry cumprimentando os colegas homenageados e revendo seu antigo amigo, Ary Fontoura<\/p>\n<p>\t<video id=\"wp_mep_5\" src=\"http:\/\/www.vigilanterodoviario.com.br\/aplauso4.wmv\"  width=\"590\" height=\"330\"  controls=\"controls\" preload=\"none\"  >\r\n\t\t\r\n\t\t\r\n\t\t\r\n\t\t\r\n\t\t\r\n\t\t\r\n\t\t\r\n\t<\/video>\r\n<script type=\"text\/javascript\">\r\njQuery(document).ready(function($) {\r\n\t$('#wp_mep_5').mediaelementplayer({\r\n\t\tm:1\r\n\t\t\r\n\t\t,features: ['playpause','current','progress','duration','volume','tracks','fullscreen']\r\n\t\t\r\n\t});\r\n});\r\n<\/script>\r\nAry cumprimentando os colegas homenageados e revendo amigos<\/p>\n<p>\t<video id=\"wp_mep_6\" src=\"http:\/\/www.vigilanterodoviario.com.br\/aplauso5.wmv\"  width=\"590\" height=\"330\"  controls=\"controls\" preload=\"none\"  >\r\n\t\t\r\n\t\t\r\n\t\t\r\n\t\t\r\n\t\t\r\n\t\t\r\n\t\t\r\n\t<\/video>\r\n<script type=\"text\/javascript\">\r\njQuery(document).ready(function($) {\r\n\t$('#wp_mep_6').mediaelementplayer({\r\n\t\tm:1\r\n\t\t\r\n\t\t,features: ['playpause','current','progress','duration','volume','tracks','fullscreen']\r\n\t\t\r\n\t});\r\n});\r\n<\/script>\r\nAry cumprimentando os colegas homenageados e revendo amigos<\/p>\n","protected":false},"excerpt":{"rendered":"<p>&#8220;30\u00aa Mostra Internacional de Cinema de S\u00e3o Paulo&#8221; Lan\u00e7amento do Livro: Ary Fernandes &#8211; Sua Fascinante Hist\u00f3ria 25\/10\/2006 Entrevista para o Programa Metr\u00f3polis &#8211; TV Cultura Entrevista para o Programa Metr\u00f3polis &#8211; TV Cultura Ary cumprimentando os colegas homenageados e revendo seu antigo amigo, Ary Fontoura Ary cumprimentando os colegas homenageados e revendo seu antigo &#8230; <a title=\"Noite de Aut\u00f3grafos\" class=\"read-more\" href=\"https:\/\/www.vigilanterodoviario.com.br\/retro\/autografos\/\">Acesse aqui<span class=\"screen-reader-text\">Noite de Aut\u00f3grafos<\/span><\/a><\/p>\n","protected":false},"author":2,"featured_media":0,"parent":0,"menu_order":0,"comment_status":"closed","ping_status":"closed","template":"","meta":{"footnotes":""},"class_list":["post-812","page","type-page","status-publish"],"_links":{"self":[{"href":"https:\/\/www.vigilanterodoviario.com.br\/retro\/wp-json\/wp\/v2\/pages\/812","targetHints":{"allow":["GET"]}}],"collection":[{"href":"https:\/\/www.vigilanterodoviario.com.br\/retro\/wp-json\/wp\/v2\/pages"}],"about":[{"href":"https:\/\/www.vigilanterodoviario.com.br\/retro\/wp-json\/wp\/v2\/types\/page"}],"author":[{"embeddable":true,"href":"https:\/\/www.vigilanterodoviario.com.br\/retro\/wp-json\/wp\/v2\/users\/2"}],"replies":[{"embeddable":true,"href":"https:\/\/www.vigilanterodoviario.com.br\/retro\/wp-json\/wp\/v2\/comments?post=812"}],"version-history":[{"count":0,"href":"https:\/\/www.vigilanterodoviario.com.br\/retro\/wp-json\/wp\/v2\/pages\/812\/revisions"}],"wp:attachment":[{"href":"https:\/\/www.vigilanterodoviario.com.br\/retro\/wp-json\/wp\/v2\/media?parent=812"}],"curies":[{"name":"wp","href":"https:\/\/api.w.org\/{rel}","templated":true}]}}