{"id":707,"date":"2016-10-01T13:05:10","date_gmt":"2016-10-01T13:05:10","guid":{"rendered":"http:\/\/www.vigilanterodoviario.com.br\/retro\/?page_id=707"},"modified":"2016-10-03T19:14:30","modified_gmt":"2016-10-03T19:14:30","slug":"imagens","status":"publish","type":"page","link":"https:\/\/www.vigilanterodoviario.com.br\/retro\/imagens\/","title":{"rendered":"Imagens"},"content":{"rendered":"<p>Imagens da S\u00e9rie \u00c1guias de Fogo:<br \/>\n<div class='content-column one_third'><a href=\"http:\/\/www.vigilanterodoviario.com.br\/aguiasdefogo\/ary_e_edson_hoje.jpg\"><img decoding=\"async\" src=\"http:\/\/www.vigilanterodoviario.com.br\/aguiasdefogo\/ary_e_edson_hoje.jpg\" width=\"280\" alt=\"Ary e Edson (Fritz) relembrando a \u00e9poca da S\u00e9rie\" class=\"alignleft\" \/><\/a><\/div><div class='content-column one_third'><a href=\"http:\/\/www.vigilanterodoviario.com.br\/aguiasdefogo\/eu_e_nando_outubro_1968.jpg\"><img decoding=\"async\" src=\"http:\/\/www.vigilanterodoviario.com.br\/aguiasdefogo\/eu_e_nando_outubro_1968.jpg\" width=\"280\" alt=\"Crian\u00e7as com uniforme dos personagens do Esquadr\u00e3o \u00c1guias de Fogo. Semana da Asa Campo de Marte, S\u00e3o Paulo - Outubro de 1968\" class=\"alignleft\" \/><\/a><\/div><div class='content-column one_third last_column'><a href=\"http:\/\/www.vigilanterodoviario.com.br\/aguiasdefogo\/logo_aguias-colorido.jpg\"><img decoding=\"async\" src=\"http:\/\/www.vigilanterodoviario.com.br\/aguiasdefogo\/logo_aguias-colorido.jpg\" width=\"280\" alt=\"Emblema dos \u00c1guias de Fogo\" class=\"alignleft\" \/><\/a><\/div><div class='clear_column'><\/div><\/p>\n<p><div class='content-column one_third'><a href=\"http:\/\/www.vigilanterodoviario.com.br\/aguiasdefogo\/emblema.jpg\"><img decoding=\"async\" src=\"http:\/\/www.vigilanterodoviario.com.br\/aguiasdefogo\/emblema.jpg\" width=\"280\" alt=\"Macac\u00e3o utilizado nas filmagens com emblema\" class=\"alignleft\" \/><\/a><\/div><div class='content-column one_third'><a href=\"http:\/\/www.vigilanterodoviario.com.br\/aguiasdefogo\/uniforme.jpg\"><img decoding=\"async\" src=\"http:\/\/www.vigilanterodoviario.com.br\/aguiasdefogo\/uniforme.jpg\" width=\"280\" alt=\"Uniforme do Capit\u00e3o C\u00e9sar - Ary Fernandes\" class=\"alignleft\" \/><\/a><\/div><div class='content-column one_third last_column'><a href=\"http:\/\/www.vigilanterodoviario.com.br\/aguiasdefogo\/bibico_aguias_de_fogo.jpg\"><img decoding=\"async\" src=\"http:\/\/www.vigilanterodoviario.com.br\/aguiasdefogo\/bibico_aguias_de_fogo.jpg\" width=\"280\" alt=\"Quepe do Capit\u00e3o C\u00e9sar\" class=\"alignleft\" \/><\/a><\/div><div class='clear_column'><\/div><\/p>\n<p><div class='content-column one_third'><a href=\"http:\/\/www.vigilanterodoviario.com.br\/aguiasdefogo\/logoaguias.jpg\"><img decoding=\"async\" src=\"http:\/\/www.vigilanterodoviario.com.br\/aguiasdefogo\/logoaguias.jpg\" width=\"280\" alt=\"Logotipo dos \u00c1guias de Fogo\" class=\"alignleft\" \/><\/a><\/div><div class='content-column one_third'><a href=\"http:\/\/www.vigilanterodoviario.com.br\/aguiasdefogo\/ary_aguias4.jpg\"><img decoding=\"async\" src=\"http:\/\/www.vigilanterodoviario.com.br\/aguiasdefogo\/ary_aguias4.jpg\" width=\"280\" alt=\"Cartaz anunciando a estr\u00e9ia do seriado \u00c1guias de Fogo\u00ae\" class=\"alignleft\" \/><\/a><\/div><div class='content-column one_third last_column'><a href=\"http:\/\/www.vigilanterodoviario.com.br\/aguiasdefogo\/filmografiaary6.jpg\"><img decoding=\"async\" src=\"http:\/\/www.vigilanterodoviario.com.br\/aguiasdefogo\/filmografiaary6.jpg\" width=\"280\" alt=\"Ary Fernandes ao lado de um avi\u00e3o no hangar, diringindo uma cena do \u00c1guias.\" class=\"alignleft\" \/><\/a><\/div><div class='clear_column'><\/div><\/p>\n<p><div class='content-column one_third'><a href=\"http:\/\/www.vigilanterodoviario.com.br\/aguiasdefogo\/aguias10.jpg\"><img decoding=\"async\" src=\"http:\/\/www.vigilanterodoviario.com.br\/aguiasdefogo\/aguias10.jpg\" width=\"280\" alt=\"Ary Fernandes em cena a\u00e9rea.\" class=\"alignleft\" \/><\/a><\/div><div class='content-column one_third'><a href=\"http:\/\/www.vigilanterodoviario.com.br\/aguiasdefogo\/aguias11.jpg\"><img decoding=\"async\" src=\"http:\/\/www.vigilanterodoviario.com.br\/aguiasdefogo\/aguias11.jpg\" width=\"280\" alt=\"Ary e equipe t\u00e9cnica.\" class=\"alignleft\" \/><\/a><\/div><div class='content-column one_third last_column'><a href=\"http:\/\/www.vigilanterodoviario.com.br\/aguiasdefogo\/aguias9.jpg\"><img decoding=\"async\" src=\"http:\/\/www.vigilanterodoviario.com.br\/aguiasdefogo\/aguias9.jpg\" width=\"280\" alt=\" Intervalo das filmagens\" class=\"alignleft\" \/><\/a><\/div><div class='clear_column'><\/div><\/p>\n<p><div class='content-column one_third'><a href=\"http:\/\/www.vigilanterodoviario.com.br\/aguiasdefogo\/aguias8.jpg\"><img decoding=\"async\" src=\"http:\/\/www.vigilanterodoviario.com.br\/aguiasdefogo\/aguias8.jpg\" width=\"280\" alt=\"Filmagens no Rio de Janeiro\" class=\"alignleft\" \/><\/a><\/div><div class='content-column one_third'><a href=\"http:\/\/www.vigilanterodoviario.com.br\/aguiasdefogo\/aguias7.jpg\"><img decoding=\"async\" src=\"http:\/\/www.vigilanterodoviario.com.br\/aguiasdefogo\/aguias7.jpg\" width=\"280\" alt=\"Fernando Fernandes, junto aos atores no intervalo do seriado\" class=\"alignleft\" \/><\/a><\/div><div class='content-column one_third last_column'><a href=\"http:\/\/www.vigilanterodoviario.com.br\/aguiasdefogo\/aryevoladio.jpg\"><img decoding=\"async\" src=\"http:\/\/www.vigilanterodoviario.com.br\/aguiasdefogo\/aryevoladio.jpg\" width=\"280\" alt=\"Ary Fernandes e Fernando Garcia\" class=\"alignleft\" \/><\/a><\/div><div class='clear_column'><\/div><\/p>\n<p><div class='content-column one_third'><a href=\"http:\/\/www.vigilanterodoviario.com.br\/aguiasdefogo\/aguias12.jpg\"><img decoding=\"async\" src=\"http:\/\/www.vigilanterodoviario.com.br\/aguiasdefogo\/aguias12.jpg\" width=\"280\" alt=\"Ary no escrit\u00f3rio da Procitel\" class=\"alignleft\" \/><\/a><\/div><div class='content-column one_third'><a href=\"http:\/\/www.vigilanterodoviario.com.br\/aguiasdefogo\/aryaguias1.jpg\"><img decoding=\"async\" src=\"http:\/\/www.vigilanterodoviario.com.br\/aguiasdefogo\/aryaguias1.jpg\" width=\"280\" alt=\"Ary no aeroporto\" class=\"alignleft\" \/><\/a><\/div><div class='content-column one_third last_column'><a href=\"http:\/\/www.vigilanterodoviario.com.br\/aguiasdefogo\/aryaguias2.jpg\"><img decoding=\"async\" src=\"http:\/\/www.vigilanterodoviario.com.br\/aguiasdefogo\/aryaguias2.jpg\" width=\"280\" alt=\"Ary a bordo\" class=\"alignleft\" \/><\/a><\/div><div class='clear_column'><\/div><\/p>\n","protected":false},"excerpt":{"rendered":"<p>Imagens da S\u00e9rie \u00c1guias de Fogo:<\/p>\n","protected":false},"author":2,"featured_media":0,"parent":0,"menu_order":0,"comment_status":"closed","ping_status":"closed","template":"page-template-full.php","meta":{"footnotes":""},"class_list":["post-707","page","type-page","status-publish"],"_links":{"self":[{"href":"https:\/\/www.vigilanterodoviario.com.br\/retro\/wp-json\/wp\/v2\/pages\/707","targetHints":{"allow":["GET"]}}],"collection":[{"href":"https:\/\/www.vigilanterodoviario.com.br\/retro\/wp-json\/wp\/v2\/pages"}],"about":[{"href":"https:\/\/www.vigilanterodoviario.com.br\/retro\/wp-json\/wp\/v2\/types\/page"}],"author":[{"embeddable":true,"href":"https:\/\/www.vigilanterodoviario.com.br\/retro\/wp-json\/wp\/v2\/users\/2"}],"replies":[{"embeddable":true,"href":"https:\/\/www.vigilanterodoviario.com.br\/retro\/wp-json\/wp\/v2\/comments?post=707"}],"version-history":[{"count":0,"href":"https:\/\/www.vigilanterodoviario.com.br\/retro\/wp-json\/wp\/v2\/pages\/707\/revisions"}],"wp:attachment":[{"href":"https:\/\/www.vigilanterodoviario.com.br\/retro\/wp-json\/wp\/v2\/media?parent=707"}],"curies":[{"name":"wp","href":"https:\/\/api.w.org\/{rel}","templated":true}]}}