{"id":584,"date":"2016-09-20T21:37:38","date_gmt":"2016-09-20T21:37:38","guid":{"rendered":"http:\/\/www.vigilanterodoviario.com.br\/retro\/?page_id=584"},"modified":"2016-09-22T20:22:35","modified_gmt":"2016-09-22T20:22:35","slug":"na-midia1","status":"publish","type":"page","link":"https:\/\/www.vigilanterodoviario.com.br\/retro\/na-midia1\/","title":{"rendered":"Na M\u00eddia"},"content":{"rendered":"<p>Clique nas imagens abaixo para ampliar:<br \/>\n<div class='content-column one_third'><a href=\"http:\/\/www.vigilanterodoviario.com.br\/aryfernandes\/borda-da-mata.jpg\"><img decoding=\"async\" src=\"http:\/\/www.vigilanterodoviario.com.br\/aryfernandes\/borda-da-mata.jpg\" width=\"280\" alt=\"Jornal da Cidade - Entrevista com Cineasta Ary Fernandes  Borda da Mata (MG), 20 de outubro de 2007\" class=\"alignleft\" \/><\/a><\/div><div class='content-column one_third'><a href=\"http:\/\/www.vigilanterodoviario.com.br\/aryfernandes\/~LWF0010.jpg\"><img decoding=\"async\" src=\"http:\/\/www.vigilanterodoviario.com.br\/aryfernandes\/~LWF0010.jpg\" width=\"280\" alt=\"O Estado de S\u00e3o Paulo - 19\/07\/2002\" class=\"alignleft\" \/><\/a><\/div><div class='content-column one_third last_column'><a href=\"http:\/\/www.vigilanterodoviario.com.br\/aryfernandes\/~LWF0011.jpg\"><img decoding=\"async\" src=\"http:\/\/www.vigilanterodoviario.com.br\/aryfernandes\/~LWF0011.jpg\" width=\"280\" alt=\"O Estado de S\u00e3o Paulo - 11\/08\/2002\" class=\"alignleft\" \/><\/a><\/div><div class='clear_column'><\/div><\/p>\n<p><div class='content-column one_third'><a href=\"http:\/\/www.vigilanterodoviario.com.br\/aryfernandes\/ENTREVISTA_ARY.jpg\"><img decoding=\"async\" src=\"http:\/\/www.vigilanterodoviario.com.br\/aryfernandes\/ENTREVISTA_ARY.jpg\" width=\"140\" alt=\"Entrevista - O Estado de S\u00e3o Paulo - 2 de abril de 1966\" class=\"alignleft\" \/><\/a><\/div><div class='content-column one_third'><a href=\"http:\/\/www.vigilanterodoviario.com.br\/aryfernandes\/Revista%20Quem%20maio%20de%202001.JPG\"><img decoding=\"async\" src=\"http:\/\/www.vigilanterodoviario.com.br\/aryfernandes\/Revista%20Quem%20maio%20de%202001.JPG\" width=\"280\" alt=\"Revista QUEM - maio 2001\" class=\"alignleft\" \/><\/a><\/div><div class='content-column one_third last_column'><a href=\"http:\/\/www.vigilanterodoviario.com.br\/aryfernandes\/reportagem1.JPG\"><img decoding=\"async\" src=\"http:\/\/www.vigilanterodoviario.com.br\/aryfernandes\/reportagem1.JPG\" width=\"280\" alt=\"Revista O Melhor Amigo\" class=\"alignleft\" \/><\/a><\/div><div class='clear_column'><\/div><\/p>\n<p><div class='content-column one_third'><a href=\"http:\/\/www.vigilanterodoviario.com.br\/aryfernandes\/reportagem2.JPG\"><img decoding=\"async\" src=\"http:\/\/www.vigilanterodoviario.com.br\/aryfernandes\/reportagem2.JPG\" width=\"280\" alt=\"Revista O Melhor Amigo\" class=\"alignleft\" \/><\/a><\/div><div class='content-column one_third'><a href=\"http:\/\/www.vigilanterodoviario.com.br\/aryfernandes\/vejinha%2016%20julho%202003.JPG\"><img decoding=\"async\" src=\"http:\/\/www.vigilanterodoviario.com.br\/aryfernandes\/vejinha%2016%20julho%202003.JPG\" width=\"280\" alt=\"Veja S\u00e3o Paulo - 16\/07\/2003\" class=\"alignleft\" \/><\/a><\/div><div class='content-column one_third last_column'><a href=\"http:\/\/www.vigilanterodoviario.com.br\/aryfernandes\/Vigilante%20volta%20a%20ser%20produzido%20-%20reportagem%20maio%20de%202001.JPG\"><img decoding=\"async\" src=\"http:\/\/www.vigilanterodoviario.com.br\/aryfernandes\/Vigilante%20volta%20a%20ser%20produzido%20-%20reportagem%20maio%20de%202001.JPG\" width=\"280\" alt=\"Estad\u00e3o - Maio de 2001\" class=\"alignleft\" \/><\/a><\/div><div class='clear_column'><\/div><\/p>\n<p><div class='content-column one_third'><a href=\"http:\/\/www.vigilanterodoviario.com.br\/aryfernandes\/revistatelaviva.jpg\"><img decoding=\"async\" src=\"http:\/\/www.vigilanterodoviario.com.br\/aryfernandes\/revistatelaviva.jpg\" width=\"280\" alt=\"Revista Tela Viva\" class=\"alignleft\" \/><\/a><\/div><div class='content-column one_third'><a href=\"http:\/\/www.vigilanterodoviario.com.br\/aryfernandes\/revistatelaviva2.jpg\"><img decoding=\"async\" src=\"http:\/\/www.vigilanterodoviario.com.br\/aryfernandes\/revistatelaviva2.jpg\" width=\"280\" alt=\"Revista Tela Viva 1998\" class=\"alignleft\" \/><\/a><\/div><div class='content-column one_third last_column'><a href=\"http:\/\/www.vigilanterodoviario.com.br\/aryfernandes\/revistatelaviva3.jpg\"><img decoding=\"async\" src=\"http:\/\/www.vigilanterodoviario.com.br\/aryfernandes\/revistatelaviva3.jpg\" width=\"280\" alt=\"Revista Tela Viva 1998\" class=\"alignleft\" \/><\/a><\/div><div class='clear_column'><\/div><\/p>\n<p><div class='content-column one_third'><a href=\"http:\/\/www.vigilanterodoviario.com.br\/aryfernandes\/revista4rodas.jpg\"><img decoding=\"async\" src=\"http:\/\/www.vigilanterodoviario.com.br\/aryfernandes\/revista4rodas.jpg\" width=\"280\" alt=\"Revista 4rodas\" class=\"alignleft\" \/><\/a><\/div><div class='content-column one_third'><a href=\"http:\/\/www.vigilanterodoviario.com.br\/aryfernandes\/aguiasrevista.jpg\"><img loading=\"lazy\" decoding=\"async\" src=\"http:\/\/www.vigilanterodoviario.com.br\/aryfernandes\/aguiasrevista.jpg\" width=\"540\" height=\"720\" alt=\"Reportagem: \u00c1guias de Fogo\" class=\"alignleft\" \/><\/a><\/div><div class='content-column one_third last_column'><a href=\"http:\/\/www.vigilanterodoviario.com.br\/aryfernandes\/comandorodoviario.jpg\"><img decoding=\"async\" src=\"http:\/\/www.vigilanterodoviario.com.br\/aryfernandes\/comandorodoviario.jpg\" width=\"280\" alt=\"Mat\u00e9ria anunciando a estreia do seriado.  Observe que o nome da s\u00e9rie ainda era provis\u00f3rio.\" class=\"alignleft\" \/><\/a><\/div><div class='clear_column'><\/div><\/p>\n<p><div class='content-column one_third'><a href=\"http:\/\/www.vigilanterodoviario.com.br\/aryfernandes\/comandorodoviario2.jpg\"><img decoding=\"async\" src=\"http:\/\/www.vigilanterodoviario.com.br\/aryfernandes\/comandorodoviario2.jpg\" width=\"280\" alt=\"Mat\u00e9ria anunciando a estreia do seriado,  observe que o nome da s\u00e9rie ainda era provis\u00f3rio!\" class=\"alignleft\" \/><\/a><\/div><div class='content-column one_third'><a href=\"http:\/\/www.vigilanterodoviario.com.br\/aryfernandes\/comandorodoviario3.jpg\"><img decoding=\"async\" src=\"http:\/\/www.vigilanterodoviario.com.br\/aryfernandes\/comandorodoviario3.jpg\" width=\"280\" alt=\"Mat\u00e9ria anunciando a estreia do seriado, observe que o nome da s\u00e9rie ainda era provis\u00f3rio!\" class=\"alignleft\" \/><\/a><\/div><div class='content-column one_third last_column'><a href=\"http:\/\/www.vigilanterodoviario.com.br\/aryfernandes\/comandorodoviario5.jpg\"><img decoding=\"async\" src=\"http:\/\/www.vigilanterodoviario.com.br\/aryfernandes\/comandorodoviario5.jpg\" width=\"280\" alt=\"Mat\u00e9ria anunciando a estreia do seriado\" class=\"alignleft\" \/><\/a><\/div><div class='clear_column'><\/div><\/p>\n<p><div class='content-column one_third'><a href=\"http:\/\/www.vigilanterodoviario.com.br\/aryfernandes\/Esquadr%C3%A3o%20%C3%81guias%20e%20fogo.jpg\"><img decoding=\"async\" src=\"http:\/\/www.vigilanterodoviario.com.br\/aryfernandes\/Esquadr%C3%A3o%20%C3%81guias%20e%20fogo.jpg\" width=\"280\" alt=\"Esquadr\u00e3o \u00c1guias de Fogo\" class=\"alignleft\" \/><\/a><\/div><div class='content-column one_third'><a href=\"http:\/\/www.vigilanterodoviario.com.br\/aryfernandes\/revistasomeimagem.JPG\"><img decoding=\"async\" src=\"http:\/\/www.vigilanterodoviario.com.br\/aryfernandes\/revistasomeimagem.JPG\" width=\"280\" alt=\"Revista Som e Imagem de novembro de 1961\" class=\"alignleft\" \/><\/a><\/div><div class='content-column one_third last_column'><a href=\"http:\/\/www.vigilanterodoviario.com.br\/aryfernandes\/aplauso1.JPG\"><img loading=\"lazy\" decoding=\"async\" src=\"http:\/\/www.vigilanterodoviario.com.br\/aryfernandes\/aplauso1.JPG\" width=\"624\" height=\"237\" alt=\"Lan\u00e7amento dos livros da Cole\u00e7\u00e3o Aplauso  Realizado dia 25\/10\/2006.  Noite de aut\u00f3grafos dos livros Biograficos de atores e diretores. como: Pedro Paulo Rangel, Tony Ramos, Vera Holtz, Beth Farias, Emiliano Queiroz, Ary Fountoura, Ary Fernandes\" class=\"alignleft\" \/><\/a><\/div><div class='clear_column'><\/div><\/p>\n<p><div class='content-column one_third'><a href=\"http:\/\/www.vigilanterodoviario.com.br\/aryfernandes\/jornal1.JPG\"><img decoding=\"async\" src=\"http:\/\/www.vigilanterodoviario.com.br\/aryfernandes\/jornal1.JPG\" width=\"280\" alt=\"Segundo Vigilante Rodovi\u00e1rio de 1978\" class=\"alignleft\" \/><\/a><\/div><div class='content-column one_third'><a href=\"http:\/\/www.vigilanterodoviario.com.br\/aryfernandes\/jornalatibaiense.JPG\"><img decoding=\"async\" src=\"http:\/\/www.vigilanterodoviario.com.br\/aryfernandes\/jornalatibaiense.JPG\" width=\"280\" alt=\"Segundo Vigilante Rodovi\u00e1rio de 1978  Jornal Atibaiense\" class=\"alignleft\" \/><\/a><\/div><div class='content-column one_third last_column'><a href=\"http:\/\/www.vigilanterodoviario.com.br\/aryfernandes\/wpe48357.JPG\"><img decoding=\"async\" src=\"http:\/\/www.vigilanterodoviario.com.br\/aryfernandes\/wpe48357.JPG\" width=\"280\" alt=\"Revista TVS\u00e9ries\" class=\"alignleft\" \/><\/a><\/div><div class='clear_column'><\/div><\/p>\n<p><div class='content-column one_third'><a href=\"http:\/\/www.vigilanterodoviario.com.br\/aryfernandes\/~LWF0000.JPG\"><img decoding=\"async\" src=\"http:\/\/www.vigilanterodoviario.com.br\/aryfernandes\/~LWF0000.JPG\" width=\"280\" class=\"alignleft\" \/><\/a><\/div><div class='content-column one_third'><a href=\"http:\/\/www.vigilanterodoviario.com.br\/aryfernandes\/~LWF0001.JPG\"><img decoding=\"async\" src=\"http:\/\/www.vigilanterodoviario.com.br\/aryfernandes\/~LWF0001.JPG\" width=\"280\" class=\"alignleft\" \/><\/a><\/div><div class='content-column one_third last_column'><a href=\"http:\/\/www.vigilanterodoviario.com.br\/aryfernandes\/~LWF0002.JPG\"><img decoding=\"async\" src=\"http:\/\/www.vigilanterodoviario.com.br\/aryfernandes\/~LWF0002.JPG\" width=\"280\" class=\"alignleft\" \/><\/a><\/div><div class='clear_column'><\/div><\/p>\n<p><div class='content-column one_third'><a href=\"http:\/\/www.vigilanterodoviario.com.br\/aryfernandes\/~LWF0004.gif\"><img decoding=\"async\" src=\"http:\/\/www.vigilanterodoviario.com.br\/aryfernandes\/~LWF0004.gif\" width=\"280\" alt=\"Anunciando o lan\u00e7amento do Vigilante Rodovi\u00e1rio\u00ae\" class=\"alignleft\" \/><\/a><\/div><div class='content-column one_third'><a href=\"http:\/\/www.vigilanterodoviario.com.br\/aryfernandes\/~LWF0005.jpg\"><img decoding=\"async\" src=\"http:\/\/www.vigilanterodoviario.com.br\/aryfernandes\/~LWF0005.jpg\" width=\"280\" alt=\"Folha da Tarde - 1972\" class=\"alignleft\" \/><\/a><\/div><div class='content-column one_third last_column'><a href=\"http:\/\/www.vigilanterodoviario.com.br\/aryfernandes\/~LWF0006.jpg\"><img decoding=\"async\" src=\"http:\/\/www.vigilanterodoviario.com.br\/aryfernandes\/~LWF0006.jpg\" width=\"280\" alt=\"Jornal do Brasil - 09\/05\/2001\" class=\"alignleft\" \/><\/a><\/div><div class='clear_column'><\/div><\/p>\n<p><div class='content-column one_third'><a href=\"http:\/\/www.vigilanterodoviario.com.br\/aryfernandes\/~LWF0007.jpg\"><img decoding=\"async\" src=\"http:\/\/www.vigilanterodoviario.com.br\/aryfernandes\/~LWF0007.jpg\" width=\"280\" alt=\"Era Uma Vez...\" class=\"alignleft\" \/><\/a><\/div><div class='content-column one_third'><a href=\"http:\/\/www.vigilanterodoviario.com.br\/aryfernandes\/~LWF008.jpg\"><img decoding=\"async\" src=\"http:\/\/www.vigilanterodoviario.com.br\/aryfernandes\/~LWF008.jpg\" width=\"280\" class=\"alignleft\" \/><\/a><\/div><div class='content-column one_third last_column'><a href=\"http:\/\/www.vigilanterodoviario.com.br\/aryfernandes\/~LWF0009.jpg\"><img decoding=\"async\" src=\"http:\/\/www.vigilanterodoviario.com.br\/aryfernandes\/~LWF0009.jpg\" width=\"280\" alt=\"O Estado de S\u00e3o Paulo\" class=\"alignleft\" \/><\/a><\/div><div class='clear_column'><\/div><\/p>\n<p><div class='content-column one_third'><a href=\"http:\/\/www.vigilanterodoviario.com.br\/aryfernandes\/~LWF0012.jpg\"><img decoding=\"async\" src=\"http:\/\/www.vigilanterodoviario.com.br\/aryfernandes\/~LWF0012.jpg\" width=\"140\" alt=\"Revista 7 Dias na TV - n\u00ba 457 maio \u00e0 junho 1961\" class=\"alignleft\" \/><\/a><\/div><div class='content-column one_third'><a href=\"http:\/\/www.vigilanterodoviario.com.br\/aryfernandes\/~LWF0013.jpg\"><img decoding=\"async\" src=\"http:\/\/www.vigilanterodoviario.com.br\/aryfernandes\/~LWF0013.jpg\" width=\"280\" alt=\"Revista Hobby News - jun.\/jul. 2002 \" class=\"alignleft\" \/><\/a><\/div><div class='content-column one_third last_column'><a href=\"http:\/\/www.vigilanterodoviario.com.br\/aryfernandes\/~LWF0014.jpg\"><img decoding=\"async\" src=\"http:\/\/www.vigilanterodoviario.com.br\/aryfernandes\/~LWF0014.jpg\" width=\"280\" alt=\"Revista 7 Dias na TV - n\u00ba 457 maio a junho 1961\" class=\"alignleft\" \/><\/a><\/div><div class='clear_column'><\/div><\/p>\n<p><div class='content-column one_third'><a href=\"http:\/\/www.vigilanterodoviario.com.br\/aryfernandes\/~LWF0015.jpg\"><img decoding=\"async\" src=\"http:\/\/www.vigilanterodoviario.com.br\/aryfernandes\/~LWF0015.jpg\" width=\"280\" alt=\"Revista 7 Dias na TV - n\u00ba 457 maio \u00e0 junho 1961\" class=\"alignleft\" \/><\/a><\/div><div class='content-column one_third'><a href=\"http:\/\/www.vigilanterodoviario.com.br\/aryfernandes\/~LWF0016.jpg\"><img decoding=\"async\" src=\"http:\/\/www.vigilanterodoviario.com.br\/aryfernandes\/~LWF0016.jpg\" width=\"280\" alt=\"Folha Metropolitana - 1976\" class=\"alignleft\" \/><\/a><\/div><div class='content-column one_third last_column'><a href=\"http:\/\/www.vigilanterodoviario.com.br\/aryfernandes\/~LWF0017.jpg\"><img decoding=\"async\" src=\"http:\/\/www.vigilanterodoviario.com.br\/aryfernandes\/~LWF0017.jpg\" width=\"280\" alt=\"A Gazeta - 21\/03\/1977\" class=\"alignleft\" \/><\/a><\/div><div class='clear_column'><\/div><\/p>\n<p><div class='content-column one_third'><a href=\"http:\/\/www.vigilanterodoviario.com.br\/aguiasdefogo\/aguias%20_folha_de_sao_paulo_1%C2%BA_mar%C3%A7o_68.JPG\"><img decoding=\"async\" src=\"http:\/\/www.vigilanterodoviario.com.br\/aguiasdefogo\/aguias%20_folha_de_sao_paulo_1%C2%BA_mar%C3%A7o_68.JPG\" width=\"280\" alt=\"Jornal Folha de S\u00e3o Paulo - Estreia da s\u00e9rie \u00c1guias de Fogo  01\/03\/1968\" class=\"alignleft\" \/><\/a><\/div><div class='content-column one_third'><a href=\"http:\/\/www.vigilanterodoviario.com.br\/aguiasdefogo\/reportagem_aguias.JPG\"><img decoding=\"async\" src=\"http:\/\/www.vigilanterodoviario.com.br\/aguiasdefogo\/reportagem_aguias.JPG\" width=\"280\" class=\"alignleft\" \/><\/a><\/div><div class='content-column one_third last_column'><a href=\"http:\/\/www.vigilanterodoviario.com.br\/aryfernandes\/ENTREVISTA_ARY1.jpg\"><img decoding=\"async\" src=\"http:\/\/www.vigilanterodoviario.com.br\/aryfernandes\/ENTREVISTA_ARY1.jpg\" width=\"280\" alt=\"TV Futuro do Cinema - Ary Fernandes, em entrevista ao jornal,  fala sobre suas 2 cria\u00e7\u00f5es, as s\u00e9ries  pioneiras: Vigilante Rodovi\u00e1rio\u00ae e  \u00c1guias de Fogo - O Estado de S\u00e3o Paulo,  s\u00e1bado 02\/04\/1966 .\" class=\"alignleft\" \/><\/a><\/div><div class='clear_column'><\/div><\/p>\n","protected":false},"excerpt":{"rendered":"<p>Clique nas imagens abaixo para ampliar:<\/p>\n","protected":false},"author":2,"featured_media":0,"parent":0,"menu_order":0,"comment_status":"closed","ping_status":"closed","template":"","meta":{"footnotes":""},"class_list":["post-584","page","type-page","status-publish"],"_links":{"self":[{"href":"https:\/\/www.vigilanterodoviario.com.br\/retro\/wp-json\/wp\/v2\/pages\/584","targetHints":{"allow":["GET"]}}],"collection":[{"href":"https:\/\/www.vigilanterodoviario.com.br\/retro\/wp-json\/wp\/v2\/pages"}],"about":[{"href":"https:\/\/www.vigilanterodoviario.com.br\/retro\/wp-json\/wp\/v2\/types\/page"}],"author":[{"embeddable":true,"href":"https:\/\/www.vigilanterodoviario.com.br\/retro\/wp-json\/wp\/v2\/users\/2"}],"replies":[{"embeddable":true,"href":"https:\/\/www.vigilanterodoviario.com.br\/retro\/wp-json\/wp\/v2\/comments?post=584"}],"version-history":[{"count":0,"href":"https:\/\/www.vigilanterodoviario.com.br\/retro\/wp-json\/wp\/v2\/pages\/584\/revisions"}],"wp:attachment":[{"href":"https:\/\/www.vigilanterodoviario.com.br\/retro\/wp-json\/wp\/v2\/media?parent=584"}],"curies":[{"name":"wp","href":"https:\/\/api.w.org\/{rel}","templated":true}]}}