{"id":537,"date":"2016-09-19T21:09:17","date_gmt":"2016-09-19T21:09:17","guid":{"rendered":"http:\/\/www.vigilanterodoviario.com.br\/retro\/?page_id=537"},"modified":"2016-09-20T18:55:18","modified_gmt":"2016-09-20T18:55:18","slug":"na-midia","status":"publish","type":"page","link":"https:\/\/www.vigilanterodoviario.com.br\/retro\/na-midia\/","title":{"rendered":"Na M\u00eddia"},"content":{"rendered":"<p>\t<video id=\"wp_mep_1\" src=\"http:\/\/www.vigilanterodoviario.com.br\/aryfernandes\/domingao.wmv\" type=\"video\/wmv\" width=\"590\" height=\"330\" poster=\"http:\/\/www.vigilanterodoviario.com.br\/retro\/wp-content\/uploads\/2016\/09\/122967e.jpg\" controls=\"controls\" preload=\"true\" autoplay=\"false\" >\r\n\t\t\r\n\t\t\r\n\t\t\r\n\t\t\r\n\t\t\r\n\t\t\r\n\t\t\r\n\t<\/video>\r\n<script type=\"text\/javascript\">\r\njQuery(document).ready(function($) {\r\n\t$('#wp_mep_1').mediaelementplayer({\r\n\t\tm:1\r\n\t\t\r\n\t\t,features: ['playpause','current','progress','duration','volume','tracks','fullscreen']\r\n\t\t\r\n\t});\r\n});\r\n<\/script>\r\n<br \/>\nDoming\u00e3o do Faust\u00e3o REDE GLOBO DE TELEVIS\u00c3O<br \/>\nFausto Silva, Sandra Annenberg e F\u00e1tima Bernardes comentam a reportagem do Fant\u00e1stico sobre a s\u00e9rie Vigilante Rodovi\u00e1rio\u00ae criada por Ary Fernandes &#8211; 25\/10\/1993<\/p>\n<p>\t<video id=\"wp_mep_2\" src=\"http:\/\/www.vigilanterodoviario.com.br\/aryfernandes\/rapto%20do%20juca-1.wmv\" type=\"video\/wmv\" width=\"590\" height=\"330\" poster=\"http:\/\/www.vigilanterodoviario.com.br\/retro\/wp-content\/uploads\/2016\/09\/122966.jpg\" controls=\"controls\" preload=\"true\" autoplay=\"false\" >\r\n\t\t\r\n\t\t\r\n\t\t\r\n\t\t\r\n\t\t\r\n\t\t\r\n\t\t\r\n\t<\/video>\r\n<script type=\"text\/javascript\">\r\njQuery(document).ready(function($) {\r\n\t$('#wp_mep_2').mediaelementplayer({\r\n\t\tm:1\r\n\t\t\r\n\t\t,features: ['playpause','current','progress','duration','volume','tracks','fullscreen']\r\n\t\t\r\n\t});\r\n});\r\n<\/script>\r\n<br \/>\nJ\u00f4 Onze e Meia &#8211; SBT<br \/>\nApresentado por J\u00f4 Soares<\/p>\n<p>\t<video id=\"wp_mep_3\" src=\"http:\/\/www.vigilanterodoviario.com.br\/aryfernandes\/flash-1.wmv\" type=\"video\/wmv\" width=\"590\" height=\"330\" poster=\"http:\/\/www.vigilanterodoviario.com.br\/retro\/wp-content\/uploads\/2016\/09\/122966a.jpg\" controls=\"controls\" preload=\"true\" autoplay=\"false\" >\r\n\t\t\r\n\t\t\r\n\t\t\r\n\t\t\r\n\t\t\r\n\t\t\r\n\t\t\r\n\t<\/video>\r\n<script type=\"text\/javascript\">\r\njQuery(document).ready(function($) {\r\n\t$('#wp_mep_3').mediaelementplayer({\r\n\t\tm:1\r\n\t\t\r\n\t\t,features: ['playpause','current','progress','duration','volume','tracks','fullscreen']\r\n\t\t\r\n\t});\r\n});\r\n<\/script>\r\n<br \/>\nPrograma FLASH com Amaury Jr. TV Band<br \/>\nEm entrevista, o cantor Tony Campello, fala de sua participa\u00e7\u00e3o na s\u00e9rie Vigilante Rodovi\u00e1rio, criada e dirigida por Ary Fernandes<\/p>\n<p>\t<video id=\"wp_mep_4\" src=\"http:\/\/www.vigilanterodoviario.com.br\/aryfernandes\/pelomundo.wmv\" type=\"video\/wmv\" width=\"590\" height=\"330\" poster=\"http:\/\/www.vigilanterodoviario.com.br\/retro\/wp-content\/uploads\/2016\/09\/122966b.jpg\" controls=\"controls\" preload=\"true\" autoplay=\"false\" >\r\n\t\t\r\n\t\t\r\n\t\t\r\n\t\t\r\n\t\t\r\n\t\t\r\n\t\t\r\n\t<\/video>\r\n<script type=\"text\/javascript\">\r\njQuery(document).ready(function($) {\r\n\t$('#wp_mep_4').mediaelementplayer({\r\n\t\tm:1\r\n\t\t\r\n\t\t,features: ['playpause','current','progress','duration','volume','tracks','fullscreen']\r\n\t\t\r\n\t});\r\n});\r\n<\/script>\r\n<br \/>\nPrograma &#8220;Pelo Mundo&#8221; &#8211; GloboNews 17\/08\/2007<\/p>\n<p>\t<video id=\"wp_mep_5\" src=\"http:\/\/www.vigilanterodoviario.com.br\/aryfernandes\/GloboNews-Programa%20Pelo%20Mundo.wmv\" type=\"video\/wmv\" width=\"590\" height=\"330\" poster=\"http:\/\/www.vigilanterodoviario.com.br\/retro\/wp-content\/uploads\/2016\/09\/122966c.jpg\" controls=\"controls\" preload=\"true\" autoplay=\"false\" >\r\n\t\t\r\n\t\t\r\n\t\t\r\n\t\t\r\n\t\t\r\n\t\t\r\n\t\t\r\n\t<\/video>\r\n<script type=\"text\/javascript\">\r\njQuery(document).ready(function($) {\r\n\t$('#wp_mep_5').mediaelementplayer({\r\n\t\tm:1\r\n\t\t\r\n\t\t,features: ['playpause','current','progress','duration','volume','tracks','fullscreen']\r\n\t\t\r\n\t});\r\n});\r\n<\/script>\r\n<br \/>\nGloboNews &#8211; Programa: Pelo Mundo 26\/06\/2009<\/p>\n<p>\t<video id=\"wp_mep_6\" src=\"http:\/\/www.vigilanterodoviario.com.br\/aryfernandes\/phillips.wmv\" type=\"video\/wmv\" width=\"590\" height=\"330\" poster=\"http:\/\/www.vigilanterodoviario.com.br\/retro\/wp-content\/uploads\/2016\/09\/122966d.jpg\" controls=\"controls\" preload=\"true\" autoplay=\"false\" >\r\n\t\t\r\n\t\t\r\n\t\t\r\n\t\t\r\n\t\t\r\n\t\t\r\n\t\t\r\n\t<\/video>\r\n<script type=\"text\/javascript\">\r\njQuery(document).ready(function($) {\r\n\t$('#wp_mep_6').mediaelementplayer({\r\n\t\tm:1\r\n\t\t\r\n\t\t,features: ['playpause','current','progress','duration','volume','tracks','fullscreen']\r\n\t\t\r\n\t});\r\n});\r\n<\/script>\r\n<br \/>\nPropaganda TV PHILLIPS<\/p>\n<p>\t<video id=\"wp_mep_7\" src=\"http:\/\/www.vigilanterodoviario.com.br\/aryfernandes\/marisa.wmv\" type=\"video\/wmv\" width=\"590\" height=\"330\" poster=\"http:\/\/www.vigilanterodoviario.com.br\/retro\/wp-content\/uploads\/2016\/09\/122966e.jpg\" controls=\"controls\" preload=\"true\" autoplay=\"false\" >\r\n\t\t\r\n\t\t\r\n\t\t\r\n\t\t\r\n\t\t\r\n\t\t\r\n\t\t\r\n\t<\/video>\r\n<script type=\"text\/javascript\">\r\njQuery(document).ready(function($) {\r\n\t$('#wp_mep_7').mediaelementplayer({\r\n\t\tm:1\r\n\t\t\r\n\t\t,features: ['playpause','current','progress','duration','volume','tracks','fullscreen']\r\n\t\t\r\n\t});\r\n});\r\n<\/script>\r\n<br \/>\nPropaganda LOJAS MARISA<\/p>\n<p>\t<video id=\"wp_mep_8\" src=\"http:\/\/www.vigilanterodoviario.com.br\/aryfernandes\/chamada.wmv\" type=\"video\/wmv\" width=\"590\" height=\"330\" poster=\"http:\/\/www.vigilanterodoviario.com.br\/retro\/wp-content\/uploads\/2016\/09\/122966f.jpg\" controls=\"controls\" preload=\"true\" autoplay=\"false\" >\r\n\t\t\r\n\t\t\r\n\t\t\r\n\t\t\r\n\t\t\r\n\t\t\r\n\t\t\r\n\t<\/video>\r\n<script type=\"text\/javascript\">\r\njQuery(document).ready(function($) {\r\n\t$('#wp_mep_8').mediaelementplayer({\r\n\t\tm:1\r\n\t\t\r\n\t\t,features: ['playpause','current','progress','duration','volume','tracks','fullscreen']\r\n\t\t\r\n\t});\r\n});\r\n<\/script>\r\n<br \/>\nChamadas para o Fant\u00e1stico &#8211; REDE GLOBO DE TELEVIS\u00c3O &#8211; 24\/10\/1993<\/p>\n","protected":false},"excerpt":{"rendered":"<p>Doming\u00e3o do Faust\u00e3o REDE GLOBO DE TELEVIS\u00c3O Fausto Silva, Sandra Annenberg e F\u00e1tima Bernardes comentam a reportagem do Fant\u00e1stico sobre a s\u00e9rie Vigilante Rodovi\u00e1rio\u00ae criada por Ary Fernandes &#8211; 25\/10\/1993 J\u00f4 Onze e Meia &#8211; SBT Apresentado por J\u00f4 Soares Programa FLASH com Amaury Jr. TV Band Em entrevista, o cantor Tony Campello, fala de &#8230; <a title=\"Na M\u00eddia\" class=\"read-more\" href=\"https:\/\/www.vigilanterodoviario.com.br\/retro\/na-midia\/\">Acesse aqui<span class=\"screen-reader-text\">Na M\u00eddia<\/span><\/a><\/p>\n","protected":false},"author":2,"featured_media":0,"parent":0,"menu_order":0,"comment_status":"closed","ping_status":"closed","template":"","meta":{"footnotes":""},"class_list":["post-537","page","type-page","status-publish"],"_links":{"self":[{"href":"https:\/\/www.vigilanterodoviario.com.br\/retro\/wp-json\/wp\/v2\/pages\/537","targetHints":{"allow":["GET"]}}],"collection":[{"href":"https:\/\/www.vigilanterodoviario.com.br\/retro\/wp-json\/wp\/v2\/pages"}],"about":[{"href":"https:\/\/www.vigilanterodoviario.com.br\/retro\/wp-json\/wp\/v2\/types\/page"}],"author":[{"embeddable":true,"href":"https:\/\/www.vigilanterodoviario.com.br\/retro\/wp-json\/wp\/v2\/users\/2"}],"replies":[{"embeddable":true,"href":"https:\/\/www.vigilanterodoviario.com.br\/retro\/wp-json\/wp\/v2\/comments?post=537"}],"version-history":[{"count":0,"href":"https:\/\/www.vigilanterodoviario.com.br\/retro\/wp-json\/wp\/v2\/pages\/537\/revisions"}],"wp:attachment":[{"href":"https:\/\/www.vigilanterodoviario.com.br\/retro\/wp-json\/wp\/v2\/media?parent=537"}],"curies":[{"name":"wp","href":"https:\/\/api.w.org\/{rel}","templated":true}]}}