{"id":52,"date":"2015-10-07T12:46:52","date_gmt":"2015-10-07T12:46:52","guid":{"rendered":"http:\/\/www.vigilanterodoviario.com.br\/serie\/?page_id=52"},"modified":"2015-10-07T12:46:52","modified_gmt":"2015-10-07T12:46:52","slug":"depoimentos","status":"publish","type":"page","link":"https:\/\/www.vigilanterodoviario.com.br\/retro\/depoimentos\/","title":{"rendered":"Eis a minha hist\u00f3ria"},"content":{"rendered":"<p><a href=\"http:\/\/www.vigilanterodoviario.com.br\/serie\/wp-content\/uploads\/2015\/10\/vigilante.jpg\"><img loading=\"lazy\" decoding=\"async\" src=\"http:\/\/www.vigilanterodoviario.com.br\/serie\/wp-content\/uploads\/2015\/10\/vigilante.jpg\" alt=\"Ary Fernandes\" width=\"292\" height=\"280\" class=\"alignleft size-full wp-image-54\" \/><\/a>Durante todos esses anos, desde de que ingressei na carreira art\u00edstica, nunca poderia  imaginar que um trabalho criado e executado por mim, teria tanta repercuss\u00e3o n\u00e3o s\u00f3 no  Brasil como no exterior. <\/p>\n<p>Claro que para mim eles sempre tiveram muita import\u00e2ncia, contudo, com o passar dos  anos descobri o qu\u00ea para mim era realiza\u00e7\u00e3o de um sonho concretizado, para muitos   jovens das d\u00e9cadas de 60 e 70 serviu como modelo de moral e  princ\u00edpios; um exemplo  positivo a ser seguido.  Mais do que nunca, estou sentindo o quanto meu personagem influenciou na forma\u00e7\u00e3o  de crian\u00e7as e jovens de uma \u00e9poca.<\/p>\n<p>Criei um referencial, que como \u00eddolo de uma gera\u00e7\u00e3o, foi adotado como modelo.  Tenho sido muito assediado pelos f\u00e3s e \u00e9 incr\u00edvel observar que ap\u00f3s 40 anos da primeira exibi\u00e7\u00e3o do &#8220;VIGILANTE RODOVI\u00c1RIO\u00ae&#8221;, o carinho do p\u00fablico se manteve o mesmo;  ou melhor, aumentado a cada ano.<\/p>\n<p>A vida \u00e9 cheia de surpresas!  E eu passei pela &#8220;minha prova de fogo&#8221;! Imagino que muitos de voc\u00eas que est\u00e3o agora lendo esse meu depoimento, j\u00e1 saibam  do meu atual estado de sa\u00fade. Sofri um acidente vascular cerebral hemorr\u00e1gico, mais comumente conhecido como &#8220;derrame&#8221;, em novembro de 2001.<\/p>\n<p>Para quem me conhece, sabe como sou ativo correndo sempre atr\u00e1s dos meus ideais,  ora dando andamento ao meu projeto para nova s\u00e9rie do &#8220;VIGILANTE RODOVI\u00c1RIO\u00ae&#8221;,  ora correndo em v\u00e1rios est\u00fadios dublando personagens sem me importar se as grava\u00e7\u00f5es  poderiam entrar noite adentro, ou ainda em casa dedicado aos meus trabalhos liter\u00e1rios,  enfim um &#8220;workaholic&#8221; na qual minha idade era uma mera quest\u00e3o cronol\u00f3gica.<\/p>\n<p>De repente, do dia para a noite, encontrei-me privado de tudo o que sempre fazia.  Estava totalmente dependente da minha fam\u00edlia; principalmente de minha esposa e  dos meus filhos. Para atrapalhar o meu quadro j\u00e1 debilitado, contra\u00ed uma bact\u00e9ria hospitalar que se n\u00e3o  fosse pela dedica\u00e7\u00e3o e compet\u00eancia da equipe m\u00e9dica do Hospital das Cl\u00ednicas de S\u00e3o  Paulo, assim como de todos os funcion\u00e1rios desde o mais humilde ao mais graduado  especialista em traumatologia, ortopedia e infectologia, acho que n\u00e3o estaria aqui  para continuar a contar minha hist\u00f3ria. <\/p>\n<p>Agora me encontro em plena recupera\u00e7\u00e3o!  Sei que conto com a  ajuda da LUZ DIVINA que me deu outra chance na vida; dentro em breve voltarei a minha vida normal, por\u00e9m com muita cautela! Tenho muita for\u00e7a de vontade, sou um guerreiro por natureza e estou sentindo a falta da  minha grande paix\u00e3o: &#8220;meu trabalho, fonte da minha adrenalina&#8221;.<\/p>\n<p>Foi no meio dessa conturbada fase que eu ainda me encontro, que tenho recebido apoio e o enorme carinho dos f\u00e3s.  Centenas de e-mails t\u00eam sido enviados, desejando-me melhoras, visitas calorosas de f\u00e3s  que me tratam com afeto como se me conhecessem h\u00e1 muitos anos.  Na realidade, nunca havia me dado conta de quanto participei na forma\u00e7\u00e3o desses jovens senhores e senhoras, dando um bom exemplo de conduta por eles assimilados, como um  padr\u00e3o a ser seguido. Muitos relatam que enveredaram para Pol\u00edcia, principalmente a &#8220;Rodovi\u00e1ria&#8221; por influ\u00eancia da minha cria\u00e7\u00e3o.<\/p>\n<p>Por toda essa energia positiva que eles tem me passado, senti-me na obriga\u00e7\u00e3o atrav\u00e9s deste site, de sanar a curiosidade que eles sentem pelo meu trabalho.  \u00c9 o m\u00ednimo que eu poderia fazer por essas pessoas, que sem imaginar, est\u00e3o me enchendo  de energia, passando para mim o melhor dos sentimentos sem pedir nada em troca: o apoio,  respeito e admira\u00e7\u00e3o pelo meu trabalho.<\/p>\n<p>Voc\u00eas nem imaginam a for\u00e7a que est\u00e3o me passando, nem tenho palavras para exprimir!  Sou uma pessoa de h\u00e1bitos simples, e nesses anos todos muitas hist\u00f3rias foram contadas e tomadas como ver\u00eddicas com rela\u00e7\u00e3o \u00e0 minha cria\u00e7\u00e3o que foi o ponto de partida, o marco,  para uma nova fase na hist\u00f3ria da televis\u00e3o brasileira o &#8220;VIGILANTE RODOVI\u00c1RIO\u00ae&#8221;.<\/p>\n<p>Observei que mesmo pela internet, muitos f\u00e3s usavam como base para pesquisa um site  o qual nunca reproduziu uma palavra minha, embora tenha usado o nome de site oficial.  Senti que careciam de informa\u00e7\u00f5es fidedignas para serem consultadas.  Mesmo estudantes da \u00e1rea de comunica\u00e7\u00e3o, n\u00e3o tinham conte\u00fado relacionado a esse  assunto como fonte de pesquisa para os seus trabalhos.   Bateu muito forte em mim essa responsabilidade e obriga\u00e7\u00e3o de elucidar muitos fatos  que j\u00e1 foram contados de muitas maneiras.<\/p>\n<p>  Pois bem! Eis aqui a minha hist\u00f3ria!<\/p>\n<p>Apresento a todos voc\u00eas o meu SITE OFICIAL!  Conseq\u00fcentemente o site oficial das p\u00e9rolas por mim criadas:  &#8220;VIGILANTE RODOVI\u00c1RIO\u00ae&#8221;, &#8220;\u00c1GUIAS DE FOGO\u00ae&#8221; e todos demais trabalhos  por mim realizados nesses 57 anos de dedica\u00e7\u00e3o a vida art\u00edstica.<\/p>\n","protected":false},"excerpt":{"rendered":"<p>Durante todos esses anos, desde de que ingressei na carreira art\u00edstica, nunca poderia imaginar que um trabalho criado e executado por mim, teria tanta repercuss\u00e3o n\u00e3o s\u00f3 no Brasil como no exterior. Claro que para mim eles sempre tiveram muita import\u00e2ncia, contudo, com o passar dos anos descobri o qu\u00ea para mim era realiza\u00e7\u00e3o de &#8230; <a title=\"Eis a minha hist\u00f3ria\" class=\"read-more\" href=\"https:\/\/www.vigilanterodoviario.com.br\/retro\/depoimentos\/\">Acesse aqui<span class=\"screen-reader-text\">Eis a minha hist\u00f3ria<\/span><\/a><\/p>\n","protected":false},"author":2,"featured_media":0,"parent":0,"menu_order":0,"comment_status":"closed","ping_status":"open","template":"","meta":{"footnotes":""},"class_list":["post-52","page","type-page","status-publish"],"_links":{"self":[{"href":"https:\/\/www.vigilanterodoviario.com.br\/retro\/wp-json\/wp\/v2\/pages\/52","targetHints":{"allow":["GET"]}}],"collection":[{"href":"https:\/\/www.vigilanterodoviario.com.br\/retro\/wp-json\/wp\/v2\/pages"}],"about":[{"href":"https:\/\/www.vigilanterodoviario.com.br\/retro\/wp-json\/wp\/v2\/types\/page"}],"author":[{"embeddable":true,"href":"https:\/\/www.vigilanterodoviario.com.br\/retro\/wp-json\/wp\/v2\/users\/2"}],"replies":[{"embeddable":true,"href":"https:\/\/www.vigilanterodoviario.com.br\/retro\/wp-json\/wp\/v2\/comments?post=52"}],"version-history":[{"count":0,"href":"https:\/\/www.vigilanterodoviario.com.br\/retro\/wp-json\/wp\/v2\/pages\/52\/revisions"}],"wp:attachment":[{"href":"https:\/\/www.vigilanterodoviario.com.br\/retro\/wp-json\/wp\/v2\/media?parent=52"}],"curies":[{"name":"wp","href":"https:\/\/api.w.org\/{rel}","templated":true}]}}