{"id":471,"date":"2016-09-16T20:10:26","date_gmt":"2016-09-16T20:10:26","guid":{"rendered":"http:\/\/www.vigilanterodoviario.com.br\/retro\/?page_id=471"},"modified":"2022-02-12T18:15:58","modified_gmt":"2022-02-12T18:15:58","slug":"entrevistas-1","status":"publish","type":"page","link":"https:\/\/www.vigilanterodoviario.com.br\/retro\/entrevistas-1\/","title":{"rendered":"Entrevistas"},"content":{"rendered":"\t<video id=\"wp_mep_1\" src=\"https:\/\/www.vigilanterodoviario.com.br\/retro\/wp-content\/uploads\/2022\/02\/1644618384-videoshow10.mp4\"  width=\"590\" height=\"330\" poster=\"https:\/\/www.vigilanterodoviario.com.br\/retro\/wp-content\/uploads\/2022\/02\/1644618384-videoshow10_3.jpg\" controls=\"controls\" preload=\"none\"  >\r\n\t\t\r\n\t\t\r\n\t\t\r\n\t\t\r\n\t\t\r\n\t\t\r\n\t\t\r\n\t<\/video>\r\n<script type=\"text\/javascript\">\r\njQuery(document).ready(function($) {\r\n\t$('#wp_mep_1').mediaelementplayer({\r\n\t\tm:1\r\n\t\t\r\n\t\t,features: ['playpause','current','progress','duration','volume','tracks','fullscreen']\r\n\t\t\r\n\t});\r\n});\r\n<\/script>\r\n\n<p>Programa: V\u00eddeo Show 10 Anos REDE GLOBO de TELEVIS\u00c3O<br \/>\nApresentado por Miguel Falabella<br \/>\nHomenagem: Ary Fernandes e a s\u00e9rie Vigilante Rodovi\u00e1rio\u00ae 24\/04\/1993.<\/p>\n\t<video id=\"wp_mep_2\"   width=\"520\" height=\"340\" poster=\"https:\/\/www.vigilanterodoviario.com.br\/retro\/wp-content\/uploads\/2022\/02\/1644678905-ionemp4_1.jpg\" controls=\"controls\" preload=\"none\"  >\r\n\t\t<source src=\"https:\/\/www.vigilanterodoviario.com.br\/retro\/wp-content\/uploads\/2022\/02\/ione.mp4.mp4\" type=\"video\/mp4\" \/>\r\n\t\t\r\n\t\t\r\n\t\t\r\n\t\t\r\n\t\t\r\n\t\t\r\n\t<\/video>\r\n<script type=\"text\/javascript\">\r\njQuery(document).ready(function($) {\r\n\t$('#wp_mep_2').mediaelementplayer({\r\n\t\tm:1\r\n\t\t\r\n\t\t,features: ['playpause','current','progress','duration','volume','tracks','fullscreen']\r\n\t\t\r\n\t});\r\n});\r\n<\/script>\r\n\n<p>Programa Ione Borges TV GAZETA<br \/>\nApresentado por Ione Borges &#8211; Entrevista Ary Fernandes &#8211; 12\/10\/2000<\/p>\n\t<video id=\"wp_mep_3\"   width=\"520\" height=\"340\" poster=\"https:\/\/www.vigilanterodoviario.com.br\/retro\/wp-content\/uploads\/2022\/02\/1644688704-cinebrasil_1.jpg\" controls=\"controls\" preload=\"none\"  >\r\n\t\t<source src=\"https:\/\/www.vigilanterodoviario.com.br\/retro\/wp-content\/uploads\/2022\/02\/cinebrasil.mp4\" type=\"video\/mp4\" \/>\r\n\t\t\r\n\t\t\r\n\t\t\r\n\t\t\r\n\t\t\r\n\t\t\r\n\t<\/video>\r\n<script type=\"text\/javascript\">\r\njQuery(document).ready(function($) {\r\n\t$('#wp_mep_3').mediaelementplayer({\r\n\t\tm:1\r\n\t\t\r\n\t\t,features: ['playpause','current','progress','duration','volume','tracks','fullscreen']\r\n\t\t\r\n\t});\r\n});\r\n<\/script>\r\n\n<p>Programa Cine Brasil TV CULTURA<br \/>\nApresentado por Rubens Ewald Filho &#8211; Entrevista Ary Fernandes &#8211; 07\/11\/1997<\/p>\n\t<video id=\"wp_mep_4\" src=\"https:\/\/www.vigilanterodoviario.com.br\/retro\/wp-content\/uploads\/2022\/02\/1644618273-fantastico-25-10-1993.mp4\"  width=\"590\" height=\"330\" poster=\"https:\/\/www.vigilanterodoviario.com.br\/retro\/wp-content\/uploads\/2022\/02\/1644618273-fantastico-25-10-1993_3.jpg\" controls=\"controls\" preload=\"none\"  >\r\n\t\t\r\n\t\t\r\n\t\t\r\n\t\t\r\n\t\t\r\n\t\t\r\n\t\t\r\n\t<\/video>\r\n<script type=\"text\/javascript\">\r\njQuery(document).ready(function($) {\r\n\t$('#wp_mep_4').mediaelementplayer({\r\n\t\tm:1\r\n\t\t\r\n\t\t,features: ['playpause','current','progress','duration','volume','tracks','fullscreen']\r\n\t\t\r\n\t});\r\n});\r\n<\/script>\r\n\n<p>Fant\u00e1stico REDE GLOBO DE TELEVIS\u00c3O<br \/>\nOdilon Coutinho entrevista Ary Fernandes 25\/10\/1993<\/p>\n\t<video id=\"wp_mep_5\" src=\"https:\/\/www.vigilanterodoviario.com.br\/retro\/wp-content\/uploads\/2022\/02\/1644618327-making-off.mp4\"  width=\"590\" height=\"330\" poster=\"https:\/\/www.vigilanterodoviario.com.br\/retro\/wp-content\/uploads\/2022\/02\/1644618327-making-off_1.jpg\" controls=\"controls\" preload=\"none\"  >\r\n\t\t\r\n\t\t\r\n\t\t\r\n\t\t\r\n\t\t\r\n\t\t\r\n\t\t\r\n\t<\/video>\r\n<script type=\"text\/javascript\">\r\njQuery(document).ready(function($) {\r\n\t$('#wp_mep_5').mediaelementplayer({\r\n\t\tm:1\r\n\t\t\r\n\t\t,features: ['playpause','current','progress','duration','volume','tracks','fullscreen']\r\n\t\t\r\n\t});\r\n});\r\n<\/script>\r\n\n<p>Making-Off &#8211; Programa &#8220;Siga Bem Caminhoneiro&#8221; SBT<br \/>\nO apresentador, ator e dublador Paulo Porto entrevista Ary Fernandes &#8211; 09\/05\/2005<\/p>\n\t<video id=\"wp_mep_6\" src=\"https:\/\/www.vigilanterodoviario.com.br\/retro\/wp-content\/uploads\/2022\/02\/1644618341-metropolis.mp4\"  width=\"590\" height=\"330\" poster=\"https:\/\/www.vigilanterodoviario.com.br\/retro\/wp-content\/uploads\/2022\/02\/1644618341-metropolis_1.jpg\" controls=\"controls\" preload=\"none\"  >\r\n\t\t\r\n\t\t\r\n\t\t\r\n\t\t\r\n\t\t\r\n\t\t\r\n\t\t\r\n\t<\/video>\r\n<script type=\"text\/javascript\">\r\njQuery(document).ready(function($) {\r\n\t$('#wp_mep_6').mediaelementplayer({\r\n\t\tm:1\r\n\t\t\r\n\t\t,features: ['playpause','current','progress','duration','volume','tracks','fullscreen']\r\n\t\t\r\n\t});\r\n});\r\n<\/script>\r\n\n<p>Programa Metr\u00f3polis &#8211; 2004 TV CULTURA<br \/>\nReportagem: Cinemateca restaura c\u00f3pias do Vigilante Rodovi\u00e1rio<br \/>\nEntrevistados: o Criador e Diretor da s\u00e9rie Ary Fernandes e o ator Carlos Miranda que viveu o primeiro personagem do Inspetor Carlos.<\/p>\n","protected":false},"excerpt":{"rendered":"<p>Programa: V\u00eddeo Show 10 Anos REDE GLOBO de TELEVIS\u00c3O Apresentado por Miguel Falabella Homenagem: Ary Fernandes e a s\u00e9rie Vigilante Rodovi\u00e1rio\u00ae 24\/04\/1993. Programa Ione Borges TV GAZETA Apresentado por Ione Borges &#8211; Entrevista Ary Fernandes &#8211; 12\/10\/2000 Programa Cine Brasil TV CULTURA Apresentado por Rubens Ewald Filho &#8211; Entrevista Ary Fernandes &#8211; 07\/11\/1997 Fant\u00e1stico REDE &#8230; <a title=\"Entrevistas\" class=\"read-more\" href=\"https:\/\/www.vigilanterodoviario.com.br\/retro\/entrevistas-1\/\">Acesse aqui<span class=\"screen-reader-text\">Entrevistas<\/span><\/a><\/p>\n","protected":false},"author":2,"featured_media":0,"parent":0,"menu_order":0,"comment_status":"closed","ping_status":"closed","template":"","meta":{"footnotes":""},"class_list":["post-471","page","type-page","status-publish"],"_links":{"self":[{"href":"https:\/\/www.vigilanterodoviario.com.br\/retro\/wp-json\/wp\/v2\/pages\/471","targetHints":{"allow":["GET"]}}],"collection":[{"href":"https:\/\/www.vigilanterodoviario.com.br\/retro\/wp-json\/wp\/v2\/pages"}],"about":[{"href":"https:\/\/www.vigilanterodoviario.com.br\/retro\/wp-json\/wp\/v2\/types\/page"}],"author":[{"embeddable":true,"href":"https:\/\/www.vigilanterodoviario.com.br\/retro\/wp-json\/wp\/v2\/users\/2"}],"replies":[{"embeddable":true,"href":"https:\/\/www.vigilanterodoviario.com.br\/retro\/wp-json\/wp\/v2\/comments?post=471"}],"version-history":[{"count":17,"href":"https:\/\/www.vigilanterodoviario.com.br\/retro\/wp-json\/wp\/v2\/pages\/471\/revisions"}],"predecessor-version":[{"id":1396,"href":"https:\/\/www.vigilanterodoviario.com.br\/retro\/wp-json\/wp\/v2\/pages\/471\/revisions\/1396"}],"wp:attachment":[{"href":"https:\/\/www.vigilanterodoviario.com.br\/retro\/wp-json\/wp\/v2\/media?parent=471"}],"curies":[{"name":"wp","href":"https:\/\/api.w.org\/{rel}","templated":true}]}}