{"id":29,"date":"2015-10-06T19:57:30","date_gmt":"2015-10-06T19:57:30","guid":{"rendered":"http:\/\/www.vigilanterodoviario.com.br\/serie\/?page_id=29"},"modified":"2015-10-06T19:57:30","modified_gmt":"2015-10-06T19:57:30","slug":"voce-sabia","status":"publish","type":"page","link":"https:\/\/www.vigilanterodoviario.com.br\/retro\/voce-sabia\/","title":{"rendered":"Voc\u00ea Sabia?"},"content":{"rendered":"<p><em>* &#8220;Esta p\u00e1gina foi criada por sugest\u00e3o dos f\u00e3s e internautas em respostas as suas perguntas que nos s\u00e3o enviadas por e-mail.&#8221;<\/em><\/p>\n<p>&nbsp;<\/p>\n<p><strong>Pergunta de f\u00e3:<\/strong><\/p>\n<p>\u00c9 VERDADE OU \u00c9 LENDA: OS 2 SIMCAS CARACTERIZADOS\u00a0 COMO VIATURAS USADOS\u00a0 NA S\u00c9RIE &#8220;O VIGILANTE RODOVI\u00c1RIO&#8221; AINDA EXISTEM?<\/p>\n<p><strong>Resposta :<\/strong>\u00a0 &#8220;Lenda , n\u00e3o\u00a0 existem\u00a0 mais h\u00e1 muitos anos&#8230;&#8221;<\/p>\n<p><strong>Explico :<\/strong><\/p>\n<p><a href=\"http:\/\/www.vigilanterodoviario.com.br\/serie\/wp-content\/uploads\/2015\/10\/simca.jpg\"><img loading=\"lazy\" decoding=\"async\" src=\"http:\/\/www.vigilanterodoviario.com.br\/serie\/wp-content\/uploads\/2015\/10\/simca-300x212.jpg\" alt=\"Simca Chambord\" width=\"300\" height=\"212\" class=\"alignleft size-medium wp-image-36\" \/><\/a>Desde o t\u00e9rmino das filmagens em 1961,\u00a0 &#8220;todos os 5 autom\u00f3veis da marca SIMCA CHAMBORD&#8221;\u00a0 usados na s\u00e9rie ( 2 caracterizados como viaturas e 3 usados nos epis\u00f3dios) foram &#8220;devolvidos para f\u00e1brica sem nenhuma excess\u00e3o&#8221; cumprindo assim, contrato de &#8220;COMODATO&#8221;\u00a0\u00a0 firmado entre as duas partes interessadas:\u00a0 cineasta Ary Fernandes\u00a0 (criador, diretor e detentor da s\u00e9rie e da can\u00e7\u00e3o tema de abertura) e a f\u00e1brica SIMCA\u00a0 ( propriet\u00e1ria dos 5 autom\u00f3veis).<\/p>\n<p>Conclus\u00e3o:\u00a0 todos os 5 Simcas foram &#8220;s\u00f3 emprestados&#8221; pela f\u00e1brica ao Ary Fernandes &#8220;SOMENTE&#8221; durante o tempo das filmagens da s\u00e9rie.\u00a0 Hoje em dia certamente, os acordos contratuais seriam bem diferentes&#8230;<\/p>\n<p><strong>Pergunta de f\u00e3:<\/strong><\/p>\n<p>QUAL FOI O CARRO USADO PELO &#8220;O VIGILANTE RODOVI\u00c1RIO DE 1978 &#8221; E\u00a0 AONDE ELE EST\u00c1?<\/p>\n<p><a href=\"http:\/\/www.vigilanterodoviario.com.br\/serie\/wp-content\/uploads\/2015\/10\/vigilantefonzar4.jpg\"><img loading=\"lazy\" decoding=\"async\" src=\"http:\/\/www.vigilanterodoviario.com.br\/serie\/wp-content\/uploads\/2015\/10\/vigilantefonzar4-300x214.jpg\" alt=\"Vigilante Ant\u00f4nio Fonzar \" width=\"300\" height=\"214\" class=\"alignright size-medium wp-image-38\" \/><\/a><strong>Resposta :<\/strong>\u00a0 O carro usado caracterizado como viatura, foi um Dodge Dart, o qual foi comprado por Ary Fernandes para as filmagens deste piloto. Foi\u00a0 usado UM \u00daNICO autom\u00f3vel. Ap\u00f3s o fim das filmagens, Ary presenteou seu amigo dentista Manoel com o carro.\u00a0 Hoje N\u00c3O EXISTE mais! Dentro do Carro: Ary ao volante e ao lado o c\u00e2mera Antonio Meliane. Assistente Tania Lamarca ao fundo. De chap\u00e9u ao lado de Ary, Djiula.<\/p>\n<p><strong>Pergunta de f\u00e3:<\/strong><\/p>\n<p>QUANTOS ATORES J\u00c1 VIVERAM O PERSONAGEM &#8220;VIGILANTE CARLOS&#8221;?<\/p>\n<p><strong>Resposta:<\/strong>\u00a0 O personagem foi vivido por &#8220;2&#8221; atores em \u00e9pocas diferentes:<\/p>\n<p>1\u00ba &#8211;\u00a0 1961 pelo ator Carlos Miranda<\/p>\n<p>2\u00ba &#8211;\u00a0 1978 pelo ator Ant\u00f4nio Fonzar<\/p>\n<p><strong>Pergunta de f\u00e3:<\/strong><\/p>\n<p>QUEM COMP\u00d4S A M\u00daSICA TEMA DA S\u00c9RIE\u00a0 INTITULADA\u00a0 &#8220;CAN\u00c7\u00c3O O VIGILANTE RODOVI\u00c1RIO&#8221;?<\/p>\n<p><strong>Resposta:<\/strong>\u00a0 A can\u00e7\u00e3o &#8220;O Vigilante Rodovi\u00e1rio&#8221; tema da s\u00e9rie de mesmo nome, que foi entoada pelos\u00a0 f\u00e3s como hino dos saudosistas durante muitos anos, tamb\u00e9m \u00e9 de autoria de Ary Fernandes criador, diretor, produtor e detentor dos direitos autorais da s\u00e9rie.<\/p>\n<p><strong>Pergunta de f\u00e3:<\/strong><\/p>\n<p>LI\u00a0 NA INTERNET QUE &#8220;O VIGILANTE RODOVI\u00c1RIO 1978&#8221;\u00a0 N\u00c3O FEZ SUCESSO NA TV\u00a0 PORQUE\u00a0 OS F\u00c3S COMPARAVAM\u00a0 OS ATORES E N\u00c3O ACEITAVAM\u00a0 O NOVO. QUERIA SABER SE ISSO \u00c9 VERDADE?<\/p>\n<p><a href=\"http:\/\/www.vigilanterodoviario.com.br\/serie\/wp-content\/uploads\/2015\/10\/vigilantefonzar1.jpg\"><img loading=\"lazy\" decoding=\"async\" src=\"http:\/\/www.vigilanterodoviario.com.br\/serie\/wp-content\/uploads\/2015\/10\/vigilantefonzar1-259x300.jpg\" alt=\"Vigilante Fonzar\" width=\"259\" height=\"300\" class=\"alignleft size-medium wp-image-43\" \/><\/a><strong>Resposta:<\/strong>\u00a0\u00a0 &#8220;N\u00e3o \u00e9 verdade&#8221;&#8230;\u00a0\u00a0 Antonio Fonzar (Vigilante Carlos de 1978), ao lado Ary Fernandes (criador, diretor, produtor da s\u00e9rie). Ao fundo, equipe. Cena realizada na Rodovia Don Pedro I, perto de Bom Jesus dos Perd\u00f5es &#8211; SP. Janeiro\/1978\u00a0 &#8220;O VIGILANTE RODOVI\u00c1RIO 1978&#8221; ,\u00a0 nunca foi ao ar, nunca foi exibido e o p\u00fablico at\u00e9 julho de 2010, ainda n\u00e3o teve tempo de assisti-lo.\u00a0\u00a0 PROCITEL (detentora da marca registrada), atrav\u00e9s de um Projeto da Embrafilme, foram escolhidos para trazer sua s\u00e9rie pioneira de volta a TV. Por\u00e9m, por problemas enfrentados por este \u00f3rg\u00e3o governamental, o projeto foi cancelado e ficou restrito a este filme &#8220;IN\u00c9DITO e colorido&#8221;, sendo que os poucos que puderam assisti-lo\u00a0 al\u00e9m dos familiares do cineasta\u00a0 Ary Fernandes, foram alguns amigos que frequentavam\u00a0 sua casa em exibi\u00e7\u00f5es particulares.<\/p>\n<p><strong>Pergunta de f\u00e3:<\/strong><\/p>\n<p>A PERGUNTA QUE N\u00c3O QUER CALAR:\u00a0\u00a0 O VIGILANTE CARLOS ERA &#8220;DUBLADO&#8221; NA S\u00c9RIE?<\/p>\n<p><strong>Resposta:<\/strong>\u00a0 &#8220;SIM&#8221;.\u00a0 Durante toda a s\u00e9rie, a voz do personagem Carlos, interpretado pelo ator Carlos Miranda era dublado por um radioator da R\u00e1dio S\u00e3o Paulo. Embora o pr\u00f3prio Ary Fernandes o\u00a0 tenha contratado na \u00e9poca, infelizmente ele n\u00e3o se recorda do nome\u00a0 deste dublador que interpretou de forma brilhante e\u00a0 marcou para sempre a voz perfeita do\u00a0 personagem.<\/p>\n<p><strong>Pergunta de f\u00e3:<\/strong><\/p>\n<p>QUAL FOI A ORDEM ADOTADA PELA TV TUPI PARA A EXIBI\u00c7\u00c3O DOS EPIS\u00d3DIOS?<\/p>\n<p><strong>Resposta:<\/strong>\u00a0 N\u00e3o havia uma ordem pr\u00e9-estabelecida. Conforme os epis\u00f3dios ficavam prontos, eram entregues a exibidora, que os colocava no ar. Nem mesmo o Ary Fernandes lembra-se desta ordem, pois ele mal acompanhava pela TV devido a louca rotina que estava enfrentando!<\/p>\n<p><strong>Pergunta de f\u00e3:<\/strong><\/p>\n<p>QUAL FOI O PRIMEIRO EPIS\u00d3DIO DA S\u00c9RIE?<\/p>\n<p><strong>Resposta:<\/strong>\u00a0 O primeiro epis\u00f3dio foi\u00a0 &#8220;O Diamante Gr\u00e3o Mongol&#8221;. Todos que participaram deste epis\u00f3dio, n\u00e3o eram atores profissionais e sim, figurantes e membros da pr\u00f3pria equipe t\u00e9cnica da s\u00e9rie. Foi atrav\u00e9s deste epis\u00f3dio que apresentado para Nestl\u00e9, abriu as portas para que est\u00e1 empresa patrocinasse a s\u00e9rie e assim, viabilizar e inaugurar a &#8220;nova era dos filmes em s\u00e9ries para TV no Brasil!&#8221;.<\/p>\n<p><strong>Pergunta de f\u00e3:<\/strong><\/p>\n<p>EM QUE ANO FOI EXIBIDA A S\u00c9RIE?<\/p>\n<p><strong>Resposta:<\/strong>\u00a0 O primeiro epis\u00f3dio da s\u00e9rie O Vigilante Rodovi\u00e1rio\u00ae, foi ao ar em &#8220;03 de janeiro de 1962&#8221;, na Rede Tupi Canal 4 numa (4\u00aa) quarta-feira, \u00e0s 20:05pm.<\/p>\n<p>PROCITEL informa:\u00a0 VOC\u00ca CONHECE A LEI 9610\/98 DOS DIREITOS AUTORAIS E DOM\u00cdNIO P\u00daBLICO DE UMA OBRA?!<\/p>\n<p>&nbsp;<\/p>\n<p>&#8220;DOM\u00cdNIO P\u00daBLICO&#8221; \u00e9 quando uma obra pode ser copiada sem a autoriza\u00e7\u00e3o do autor, \u00a0editor ou de quem os representem. De acordo com a Lei 9610\/98, uma obra entra em dom\u00ednio p\u00fablico &#8220;setenta (70) anos\u00a0 ap\u00f3s a morte do autor, \u00e0 contar a partir do 1\u00ba janeiro seguinte a sua morte&#8221;, ou quando o autor n\u00e3o deixa herdeiros.<\/p>\n<p><strong>\u00a0Pergunta de f\u00e3:<\/strong><\/p>\n<p>QUEM SUGERIU O ATOR CARLOS MIRANDA PARA ASSUMIR O PAPEL DE VIGILANTE RODOVI\u00c1RIO?<\/p>\n<p><strong>Resposta:<\/strong> \u00a0Foi ELA!!!\u00a0 Ap\u00f3s exaustivos teste com v\u00e1rios atores, o criador e diretor da s\u00e9rie Ary Fernandes, andava desanimado, pois n\u00e3o encontrava o ator que se\u00a0\u00a0 encaixava com o perfil do personagem que ele havia idealizado.\u00a0 Em casa, num desabafo com sua esposa Ignez Peixoto Fernandes; partiu dela a\u00a0 sugest\u00e3o de testar um rapaz que j\u00e1 trabalhava na equipe de produ\u00e7\u00e3o do filme.\u00a0 \u00a0\u00c0 princ\u00edpio, Ary Fernandes n\u00e3o deu cr\u00e9ditos a sensibilidade feminina. \u00a0Contudo&#8230; aceitou!\u00a0 E foi assim, que o ent\u00e3o membro da equipe de produ\u00e7\u00e3o do filme, Carlos Miranda, foi descoberto como protagonista da s\u00e9rie &#8220;O Vigilante Rodovi\u00e1rio\u00ae&#8221;!\u00a0 Ao contr\u00e1rio do que se divulgou durante muitos anos!<\/p>\n<p><a href=\"http:\/\/www.vigilanterodoviario.com.br\/serie\/wp-content\/uploads\/2015\/10\/lobocarlimhos.jpg\"><img loading=\"lazy\" decoding=\"async\" src=\"http:\/\/www.vigilanterodoviario.com.br\/serie\/wp-content\/uploads\/2015\/10\/lobocarlimhos-225x300.jpg\" alt=\"Carlos Miranda e Lobo\" width=\"225\" height=\"300\" class=\"alignleft size-medium wp-image-41\" \/><\/a><strong>Pergunta de f\u00e3:<\/strong><\/p>\n<p>Lobo Duro??!!<\/p>\n<p><strong>Resposta:<\/strong>\u00a0 O \u00fanico &#8220;dubl\u00ea&#8221; usado para o c\u00e3o Lobo, foi um &#8220;boneco de pel\u00facia da Lionela&#8221;, o qual Ary Fernandes mandou confeccionar e referia-se carinhosamente como:&#8221;LOBO DURO&#8221;!!!! Lobo chegou a andar de moto com o Vigilante Carlos! Contudo, ap\u00f3s se machucar em cena, queimando uma das patas no escape da Harley Davidson, recusou-se a andar novamente. Assim, coube a estrat\u00e9gia de usar um boneco para realiza\u00e7\u00e3o dessas cenas! Onde encontr\u00e1-lo?! &#8220;Em lugar nenhum!!!!! N\u00e3o existe mais h\u00e1 muitos e muitos anos&#8230;&#8221;<\/p>\n<p><strong>Pergunta dos\u00a0 f\u00e3s:<\/strong><\/p>\n<p>Revista Veja de 28\/05\/2005 \u2013 Lobo era Vira-Lata ou Pastor Alem\u00e3o?<\/p>\n<p><strong>Resposta:<\/strong> O questionamento sobre a ra\u00e7a do Lobo recentemente voltou a tona, numa mat\u00e9ria da Revista Veja tem um fundo de veracidade. Por mais estranho que possa parecer, o nosso querido, ilustre e mais famoso c\u00e3o brasileiro, era um legitimo SRD (Sem Ra\u00e7a Definida) e com muito \u00a0orgulho!\u00a0 Ao contr\u00e1rio do que se pensa,Lobo era um c\u00e3o de porte m\u00e9dio, em torno de 15 a 20 quilos e sua pelagem era na colora\u00e7\u00e3o: Preta, Cinza e Branca, mais pr\u00f3xima das cores de um Husky Siberiano, do que a colora\u00e7\u00e3o Preta e Amarela do Pastor Alem\u00e3o. Lobo era um c\u00e3o de comportamento extremamente d\u00f3cil e brincalh\u00e3o! At\u00e9 nas horas de lazer em que estava com a fam\u00edlia, demonstrava seu alto grau de intelig\u00eancia! Todas essas recorda\u00e7\u00f5es, nos d\u00e1 muitas saudades&#8230;<\/p>\n<p><strong>Pergunta de f\u00e3:<\/strong><\/p>\n<p>TROF\u00c9U ROQUETE PINTO &#8211;\u00a0 Existem quantos Trof\u00e9us Roquette Pinto??!!<\/p>\n<p><strong>Resposta:<\/strong> S\u00f3 h\u00e1 1 (um) Trof\u00e9u Roquette Pinto, entregue oficialmente na cerim\u00f4nia de premia\u00e7\u00e3o. O cineasta criador e diretor da s\u00e9rie Ary Fernandes, participou da solenidade onde foi agraciado com esta est\u00e1tua que est\u00e1 sob seus cuidados at\u00e9 hoje.<\/p>\n","protected":false},"excerpt":{"rendered":"<p>* &#8220;Esta p\u00e1gina foi criada por sugest\u00e3o dos f\u00e3s e internautas em respostas as suas perguntas que nos s\u00e3o enviadas por e-mail.&#8221; &nbsp; Pergunta de f\u00e3: \u00c9 VERDADE OU \u00c9 LENDA: OS 2 SIMCAS CARACTERIZADOS\u00a0 COMO VIATURAS USADOS\u00a0 NA S\u00c9RIE &#8220;O VIGILANTE RODOVI\u00c1RIO&#8221; AINDA EXISTEM? Resposta :\u00a0 &#8220;Lenda , n\u00e3o\u00a0 existem\u00a0 mais h\u00e1 muitos anos&#8230;&#8221; &#8230; <a title=\"Voc\u00ea Sabia?\" class=\"read-more\" href=\"https:\/\/www.vigilanterodoviario.com.br\/retro\/voce-sabia\/\">Acesse aqui<span class=\"screen-reader-text\">Voc\u00ea Sabia?<\/span><\/a><\/p>\n","protected":false},"author":2,"featured_media":0,"parent":0,"menu_order":0,"comment_status":"closed","ping_status":"open","template":"page-template-full.php","meta":{"footnotes":""},"class_list":["post-29","page","type-page","status-publish"],"_links":{"self":[{"href":"https:\/\/www.vigilanterodoviario.com.br\/retro\/wp-json\/wp\/v2\/pages\/29","targetHints":{"allow":["GET"]}}],"collection":[{"href":"https:\/\/www.vigilanterodoviario.com.br\/retro\/wp-json\/wp\/v2\/pages"}],"about":[{"href":"https:\/\/www.vigilanterodoviario.com.br\/retro\/wp-json\/wp\/v2\/types\/page"}],"author":[{"embeddable":true,"href":"https:\/\/www.vigilanterodoviario.com.br\/retro\/wp-json\/wp\/v2\/users\/2"}],"replies":[{"embeddable":true,"href":"https:\/\/www.vigilanterodoviario.com.br\/retro\/wp-json\/wp\/v2\/comments?post=29"}],"version-history":[{"count":0,"href":"https:\/\/www.vigilanterodoviario.com.br\/retro\/wp-json\/wp\/v2\/pages\/29\/revisions"}],"wp:attachment":[{"href":"https:\/\/www.vigilanterodoviario.com.br\/retro\/wp-json\/wp\/v2\/media?parent=29"}],"curies":[{"name":"wp","href":"https:\/\/api.w.org\/{rel}","templated":true}]}}