{"id":288,"date":"2016-08-16T21:54:48","date_gmt":"2016-08-16T21:54:48","guid":{"rendered":"http:\/\/www.vigilanterodoviario.com.br\/retro\/?page_id=288"},"modified":"2016-08-16T22:45:59","modified_gmt":"2016-08-16T22:45:59","slug":"cartazes-dos-filmes","status":"publish","type":"page","link":"https:\/\/www.vigilanterodoviario.com.br\/retro\/cartazes-dos-filmes\/","title":{"rendered":"Cartazes dos Filmes"},"content":{"rendered":"\r\n<div class=\"ngg-galleryoverview\" id=\"ngg-gallery-1-288\">\r\n\r\n\r\n\t\r\n\t<!-- Thumbnails -->\r\n\t\t\r\n\t<div id=\"ngg-image-11\" class=\"ngg-gallery-thumbnail-box\" style=\"width:25%;\" >\r\n\t\t<div class=\"ngg-gallery-thumbnail\" >\r\n\t\t\t<a href=\"https:\/\/www.vigilanterodoviario.com.br\/retro\/wp-content\/gallery\/cartazes-filmografia\/cangaceiro-1997.jpg\" title=\"1997 - \r\n\r\nCoordenador Geral de Produ\u00e7\u00e3o na segunda vers\u00e3o do longa-metragem\r\n\r\n&quot;O CANGACEIRO&quot;\" rel=\"lightbox[set_1]\" >\r\n\t\t\t\t\t\t\t\t<img loading=\"lazy\" decoding=\"async\" title=\"cangaceiro-1997\" alt=\"cangaceiro-1997\" src=\"https:\/\/www.vigilanterodoviario.com.br\/retro\/wp-content\/gallery\/cartazes-filmografia\/thumbs\/thumbs_cangaceiro-1997.jpg\" width=\"134\" height=\"200\" \/>\r\n\t\t\t\t\t\t\t<\/a>\r\n\t\t<\/div>\r\n\t<\/div>\r\n\t\r\n\t\t\r\n \t\t\r\n\t<div id=\"ngg-image-35\" class=\"ngg-gallery-thumbnail-box\" style=\"width:25%;\" >\r\n\t\t<div class=\"ngg-gallery-thumbnail\" >\r\n\t\t\t<a href=\"https:\/\/www.vigilanterodoviario.com.br\/retro\/wp-content\/gallery\/cartazes-filmografia\/quincas-borba.jpg\" title=\"1986 - \r\n\r\nProdu\u00e7\u00e3o Executiva do longa-metragem\r\n\r\n&quot;QUINCAS BORBA&quot;\" rel=\"lightbox[set_1]\" >\r\n\t\t\t\t\t\t\t\t<img loading=\"lazy\" decoding=\"async\" title=\"quincas-borba\" alt=\"quincas-borba\" src=\"https:\/\/www.vigilanterodoviario.com.br\/retro\/wp-content\/gallery\/cartazes-filmografia\/thumbs\/thumbs_quincas-borba.jpg\" width=\"134\" height=\"200\" \/>\r\n\t\t\t\t\t\t\t<\/a>\r\n\t\t<\/div>\r\n\t<\/div>\r\n\t\r\n\t\t\r\n \t\t\r\n\t<div id=\"ngg-image-3\" class=\"ngg-gallery-thumbnail-box\" style=\"width:25%;\" >\r\n\t\t<div class=\"ngg-gallery-thumbnail\" >\r\n\t\t\t<a href=\"https:\/\/www.vigilanterodoviario.com.br\/retro\/wp-content\/gallery\/cartazes-filmografia\/a-filha-dos-trapalhoes.jpg\" title=\"1984 - \r\n\r\nDire\u00e7\u00e3o T\u00e9cnica do longa-metragem\r\n\r\n&quot;A FILHA DOS TRAPALH\u00d5ES&quot;, para &quot;RENATO ARAG\u00c3O PRODU\u00c7\u00d5ES&quot;\" rel=\"lightbox[set_1]\" >\r\n\t\t\t\t\t\t\t\t<img loading=\"lazy\" decoding=\"async\" title=\"a-filha-dos-trapalhoes\" alt=\"a-filha-dos-trapalhoes\" src=\"https:\/\/www.vigilanterodoviario.com.br\/retro\/wp-content\/gallery\/cartazes-filmografia\/thumbs\/thumbs_a-filha-dos-trapalhoes.jpg\" width=\"130\" height=\"200\" \/>\r\n\t\t\t\t\t\t\t<\/a>\r\n\t\t<\/div>\r\n\t<\/div>\r\n\t\r\n\t\t\r\n \t\t\r\n\t<div id=\"ngg-image-17\" class=\"ngg-gallery-thumbnail-box\" style=\"width:25%;\" >\r\n\t\t<div class=\"ngg-gallery-thumbnail\" >\r\n\t\t\t<a href=\"https:\/\/www.vigilanterodoviario.com.br\/retro\/wp-content\/gallery\/cartazes-filmografia\/fonzar11-1.jpg\" title=\"1978 - \r\n\r\nDire\u00e7\u00e3o, Produ\u00e7\u00e3o, Argumento e Roteiro do novo piloto da s\u00e9rie\r\n\r\n&quot;O VIGILANTE RODOVI\u00c1RIO&quot;\" rel=\"lightbox[set_1]\" >\r\n\t\t\t\t\t\t\t\t<img loading=\"lazy\" decoding=\"async\" title=\"fonzar11-1\" alt=\"fonzar11-1\" src=\"https:\/\/www.vigilanterodoviario.com.br\/retro\/wp-content\/gallery\/cartazes-filmografia\/thumbs\/thumbs_fonzar11-1.jpg\" width=\"145\" height=\"200\" \/>\r\n\t\t\t\t\t\t\t<\/a>\r\n\t\t<\/div>\r\n\t<\/div>\r\n\t\r\n\t\t\t\t<br style=\"clear: both\" \/>\r\n\t\r\n \t\t\r\n\t<div id=\"ngg-image-8\" class=\"ngg-gallery-thumbnail-box\" style=\"width:25%;\" >\r\n\t\t<div class=\"ngg-gallery-thumbnail\" >\r\n\t\t\t<a href=\"https:\/\/www.vigilanterodoviario.com.br\/retro\/wp-content\/gallery\/cartazes-filmografia\/as-trapalhadas-de-dom-quixote-e-sancho-panc3a7a.jpg\" title=\"1977 - \r\n\r\nDire\u00e7\u00e3o do longa-metragem\r\n\r\n&quot;AS TRAPALHADAS DE DOM QUIXOTE E SANCHO PAN\u00c7A&quot;\" rel=\"lightbox[set_1]\" >\r\n\t\t\t\t\t\t\t\t<img loading=\"lazy\" decoding=\"async\" title=\"as-trapalhadas-de-dom-quixote-e-sancho-panca\" alt=\"as-trapalhadas-de-dom-quixote-e-sancho-panca\" src=\"https:\/\/www.vigilanterodoviario.com.br\/retro\/wp-content\/gallery\/cartazes-filmografia\/thumbs\/thumbs_as-trapalhadas-de-dom-quixote-e-sancho-panc3a7a.jpg\" width=\"133\" height=\"200\" \/>\r\n\t\t\t\t\t\t\t<\/a>\r\n\t\t<\/div>\r\n\t<\/div>\r\n\t\r\n\t\t\r\n \t\t\r\n\t<div id=\"ngg-image-18\" class=\"ngg-gallery-thumbnail-box\" style=\"width:25%;\" >\r\n\t\t<div class=\"ngg-gallery-thumbnail\" >\r\n\t\t\t<a href=\"https:\/\/www.vigilanterodoviario.com.br\/retro\/wp-content\/gallery\/cartazes-filmografia\/guerra-e-guerra.jpg\" title=\"1976 - \r\n\r\nDire\u00e7\u00e3o, Produ\u00e7\u00e3o, Argumento e Roteiro do epis\u00f3dio\r\n\r\n&quot;N\u00daPCIAS COM FUTEBOL&quot;\r\n\r\ndo longa-metragem\r\n\r\n&quot;GUERRA \u00c9 GUERRA&quot;\" rel=\"lightbox[set_1]\" >\r\n\t\t\t\t\t\t\t\t<img loading=\"lazy\" decoding=\"async\" title=\"guerra-e-guerra\" alt=\"guerra-e-guerra\" src=\"https:\/\/www.vigilanterodoviario.com.br\/retro\/wp-content\/gallery\/cartazes-filmografia\/thumbs\/thumbs_guerra-e-guerra.jpg\" width=\"116\" height=\"200\" \/>\r\n\t\t\t\t\t\t\t<\/a>\r\n\t\t<\/div>\r\n\t<\/div>\r\n\t\r\n\t\t\r\n \t\t\r\n\t<div id=\"ngg-image-33\" class=\"ngg-gallery-thumbnail-box\" style=\"width:25%;\" >\r\n\t\t<div class=\"ngg-gallery-thumbnail\" >\r\n\t\t\t<a href=\"https:\/\/www.vigilanterodoviario.com.br\/retro\/wp-content\/gallery\/cartazes-filmografia\/quandoelasquerem.jpg\" title=\"1975 - \r\n\r\nDire\u00e7\u00e3o, Produ\u00e7\u00e3o, Ator, Argumento e Roteiro do longa-metragem\r\n\r\n&quot;QUANDO ELAS QUEREM E ELES N\u00c3O...&quot;\" rel=\"lightbox[set_1]\" >\r\n\t\t\t\t\t\t\t\t<img loading=\"lazy\" decoding=\"async\" title=\"quandoelasquerem\" alt=\"quandoelasquerem\" src=\"https:\/\/www.vigilanterodoviario.com.br\/retro\/wp-content\/gallery\/cartazes-filmografia\/thumbs\/thumbs_quandoelasquerem.jpg\" width=\"229\" height=\"200\" \/>\r\n\t\t\t\t\t\t\t<\/a>\r\n\t\t<\/div>\r\n\t<\/div>\r\n\t\r\n\t\t\r\n \t\t\r\n\t<div id=\"ngg-image-42\" class=\"ngg-gallery-thumbnail-box\" style=\"width:25%;\" >\r\n\t\t<div class=\"ngg-gallery-thumbnail\" >\r\n\t\t\t<a href=\"https:\/\/www.vigilanterodoviario.com.br\/retro\/wp-content\/gallery\/cartazes-filmografia\/super-manso.jpg\" title=\"1974 - \r\n\r\nDire\u00e7\u00e3o, Produ\u00e7\u00e3o, Ator, Argumento e Roteiro\r\n\r\ndo longa-metragem &quot;O SUPER MANSO&quot;\" rel=\"lightbox[set_1]\" >\r\n\t\t\t\t\t\t\t\t<img loading=\"lazy\" decoding=\"async\" title=\"super-manso\" alt=\"super-manso\" src=\"https:\/\/www.vigilanterodoviario.com.br\/retro\/wp-content\/gallery\/cartazes-filmografia\/thumbs\/thumbs_super-manso.jpg\" width=\"135\" height=\"200\" \/>\r\n\t\t\t\t\t\t\t<\/a>\r\n\t\t<\/div>\r\n\t<\/div>\r\n\t\r\n\t\t\t\t<br style=\"clear: both\" \/>\r\n\t\r\n \t\t\r\n\t<div id=\"ngg-image-45\" class=\"ngg-gallery-thumbnail-box\" style=\"width:25%;\" >\r\n\t\t<div class=\"ngg-gallery-thumbnail\" >\r\n\t\t\t<a href=\"https:\/\/www.vigilanterodoviario.com.br\/retro\/wp-content\/gallery\/cartazes-filmografia\/trindad-e-meu-nome.jpg\" title=\"1974 - \r\n\r\nProdutor Executivo do longa-metragem:\r\n\r\nTRINDAD \u00c9 O MEU NOME&quot;\" rel=\"lightbox[set_1]\" >\r\n\t\t\t\t\t\t\t\t<img loading=\"lazy\" decoding=\"async\" title=\"trindad-e-meu-nome\" alt=\"trindad-e-meu-nome\" src=\"https:\/\/www.vigilanterodoviario.com.br\/retro\/wp-content\/gallery\/cartazes-filmografia\/thumbs\/thumbs_trindad-e-meu-nome.jpg\" width=\"138\" height=\"200\" \/>\r\n\t\t\t\t\t\t\t<\/a>\r\n\t\t<\/div>\r\n\t<\/div>\r\n\t\r\n\t\t\r\n \t\t\r\n\t<div id=\"ngg-image-37\" class=\"ngg-gallery-thumbnail-box\" style=\"width:25%;\" >\r\n\t\t<div class=\"ngg-gallery-thumbnail\" >\r\n\t\t\t<a href=\"https:\/\/www.vigilanterodoviario.com.br\/retro\/wp-content\/gallery\/cartazes-filmografia\/seducao.jpg\" title=\"1974 - \r\n\r\nProdutor executivo e ator do longa-metragem &quot;SEDU\u00c7\u00c3O&quot;\" rel=\"lightbox[set_1]\" >\r\n\t\t\t\t\t\t\t\t<img loading=\"lazy\" decoding=\"async\" title=\"seducao\" alt=\"seducao\" src=\"https:\/\/www.vigilanterodoviario.com.br\/retro\/wp-content\/gallery\/cartazes-filmografia\/thumbs\/thumbs_seducao.jpg\" width=\"138\" height=\"200\" \/>\r\n\t\t\t\t\t\t\t<\/a>\r\n\t\t<\/div>\r\n\t<\/div>\r\n\t\r\n\t\t\r\n \t\t\r\n\t<div id=\"ngg-image-19\" class=\"ngg-gallery-thumbnail-box\" style=\"width:25%;\" >\r\n\t\t<div class=\"ngg-gallery-thumbnail\" >\r\n\t\t\t<a href=\"https:\/\/www.vigilanterodoviario.com.br\/retro\/wp-content\/gallery\/cartazes-filmografia\/jeca-e-bode.jpg\" title=\"1972 - \r\n\r\nProduz e dirige o longa-metragem &quot;O JECA E O\r\n\r\nBODE&quot; com argumento e roteiro pr\u00f3prio\" rel=\"lightbox[set_1]\" >\r\n\t\t\t\t\t\t\t\t<img loading=\"lazy\" decoding=\"async\" title=\"jeca-e-bode\" alt=\"jeca-e-bode\" src=\"https:\/\/www.vigilanterodoviario.com.br\/retro\/wp-content\/gallery\/cartazes-filmografia\/thumbs\/thumbs_jeca-e-bode.jpg\" width=\"133\" height=\"200\" \/>\r\n\t\t\t\t\t\t\t<\/a>\r\n\t\t<\/div>\r\n\t<\/div>\r\n\t\r\n\t\t\r\n \t\t\r\n\t<div id=\"ngg-image-23\" class=\"ngg-gallery-thumbnail-box\" style=\"width:25%;\" >\r\n\t\t<div class=\"ngg-gallery-thumbnail\" >\r\n\t\t\t<a href=\"https:\/\/www.vigilanterodoviario.com.br\/retro\/wp-content\/gallery\/cartazes-filmografia\/mercenario.jpg\" title=\"1971 - \r\n\r\nDirige e produz o filme\r\n\r\n&quot;AT\u00c9 O ULTIMO MERCEN\u00c1RIO&quot;\" rel=\"lightbox[set_1]\" >\r\n\t\t\t\t\t\t\t\t<img loading=\"lazy\" decoding=\"async\" title=\"mercenario\" alt=\"mercenario\" src=\"https:\/\/www.vigilanterodoviario.com.br\/retro\/wp-content\/gallery\/cartazes-filmografia\/thumbs\/thumbs_mercenario.jpg\" width=\"135\" height=\"200\" \/>\r\n\t\t\t\t\t\t\t<\/a>\r\n\t\t<\/div>\r\n\t<\/div>\r\n\t\r\n\t\t\t\t<br style=\"clear: both\" \/>\r\n\t\r\n \t\t\r\n\t<div id=\"ngg-image-38\" class=\"ngg-gallery-thumbnail-box\" style=\"width:25%;\" >\r\n\t\t<div class=\"ngg-gallery-thumbnail\" >\r\n\t\t\t<a href=\"https:\/\/www.vigilanterodoviario.com.br\/retro\/wp-content\/gallery\/cartazes-filmografia\/sentinelas-do-espac3a7o.jpg\" title=\"1970 - \r\n\r\nDirige, produz e atua no filme:\r\n\r\n&quot;SENTINELAS DO ESPA\u00c7O&quot;,\r\n\r\nambos com argumento e roteiro proprio\" rel=\"lightbox[set_1]\" >\r\n\t\t\t\t\t\t\t\t<img loading=\"lazy\" decoding=\"async\" title=\"sentinelas-do-espaco\" alt=\"sentinelas-do-espaco\" src=\"https:\/\/www.vigilanterodoviario.com.br\/retro\/wp-content\/gallery\/cartazes-filmografia\/thumbs\/thumbs_sentinelas-do-espac3a7o.jpg\" width=\"133\" height=\"200\" \/>\r\n\t\t\t\t\t\t\t<\/a>\r\n\t\t<\/div>\r\n\t<\/div>\r\n\t\r\n\t\t\r\n \t\t\r\n\t<div id=\"ngg-image-21\" class=\"ngg-gallery-thumbnail-box\" style=\"width:25%;\" >\r\n\t\t<div class=\"ngg-gallery-thumbnail\" >\r\n\t\t\t<a href=\"https:\/\/www.vigilanterodoviario.com.br\/retro\/wp-content\/gallery\/cartazes-filmografia\/magoas-de-caboclo.jpg\" title=\"1970 - \r\n\r\nDirige e produz o filme &quot;M\u00c1GOAS DE CABOCLO&quot;\" rel=\"lightbox[set_1]\" >\r\n\t\t\t\t\t\t\t\t<img loading=\"lazy\" decoding=\"async\" title=\"magoas-de-caboclo\" alt=\"magoas-de-caboclo\" src=\"https:\/\/www.vigilanterodoviario.com.br\/retro\/wp-content\/gallery\/cartazes-filmografia\/thumbs\/thumbs_magoas-de-caboclo.jpg\" width=\"138\" height=\"200\" \/>\r\n\t\t\t\t\t\t\t<\/a>\r\n\t\t<\/div>\r\n\t<\/div>\r\n\t\r\n\t\t\r\n \t\t\r\n\t<div id=\"ngg-image-46\" class=\"ngg-gallery-thumbnail-box\" style=\"width:25%;\" >\r\n\t\t<div class=\"ngg-gallery-thumbnail\" >\r\n\t\t\t<a href=\"https:\/\/www.vigilanterodoviario.com.br\/retro\/wp-content\/gallery\/cartazes-filmografia\/uma-pistola-para-djeca.jpg\" title=\"1969 - \r\n\r\nDiretor do longa-metragem &quot;UMA PISTOLA PARA DJECA&quot; para o produtor\" rel=\"lightbox[set_1]\" >\r\n\t\t\t\t\t\t\t\t<img loading=\"lazy\" decoding=\"async\" title=\"uma-pistola-para-djeca\" alt=\"uma-pistola-para-djeca\" src=\"https:\/\/www.vigilanterodoviario.com.br\/retro\/wp-content\/gallery\/cartazes-filmografia\/thumbs\/thumbs_uma-pistola-para-djeca.jpg\" width=\"131\" height=\"200\" \/>\r\n\t\t\t\t\t\t\t<\/a>\r\n\t\t<\/div>\r\n\t<\/div>\r\n\t\r\n\t\t\r\n \t\t\r\n\t<div id=\"ngg-image-5\" class=\"ngg-gallery-thumbnail-box\" style=\"width:25%;\" >\r\n\t\t<div class=\"ngg-gallery-thumbnail\" >\r\n\t\t\t<a href=\"https:\/\/www.vigilanterodoviario.com.br\/retro\/wp-content\/gallery\/cartazes-filmografia\/aguias-em-patrulha.jpg\" title=\"1969 - \r\n\r\nCriador, Diretor, Produtor e Ator no longa-metragem\r\n\r\n&quot;\u00c1GUIAS EM PATRULHA&quot;, vers\u00e3o para cinema, com\r\n\r\nRoteiro e Argumento pr\u00f3prio.\" rel=\"lightbox[set_1]\" >\r\n\t\t\t\t\t\t\t\t<img loading=\"lazy\" decoding=\"async\" title=\"aguias-em-patrulha\" alt=\"aguias-em-patrulha\" src=\"https:\/\/www.vigilanterodoviario.com.br\/retro\/wp-content\/gallery\/cartazes-filmografia\/thumbs\/thumbs_aguias-em-patrulha.jpg\" width=\"134\" height=\"200\" \/>\r\n\t\t\t\t\t\t\t<\/a>\r\n\t\t<\/div>\r\n\t<\/div>\r\n\t\r\n\t\t\t\t<br style=\"clear: both\" \/>\r\n\t\r\n \t\t\r\n\t<div id=\"ngg-image-7\" class=\"ngg-gallery-thumbnail-box\" style=\"width:25%;\" >\r\n\t\t<div class=\"ngg-gallery-thumbnail\" >\r\n\t\t\t<a href=\"https:\/\/www.vigilanterodoviario.com.br\/retro\/wp-content\/gallery\/cartazes-filmografia\/ary_aguias4.jpg\" title=\"1967 e 1968 - \r\n\r\nCria, Dirige, Produz e Atua (como Capit\u00e3o C\u00e9sar) na\r\n\r\ns\u00e9rie &quot;\u00c1GUIAS DE FOGO&quot; num total de 26 epis\u00f3dios\" rel=\"lightbox[set_1]\" >\r\n\t\t\t\t\t\t\t\t<img loading=\"lazy\" decoding=\"async\" title=\"ary_aguias4\" alt=\"ary_aguias4\" src=\"https:\/\/www.vigilanterodoviario.com.br\/retro\/wp-content\/gallery\/cartazes-filmografia\/thumbs\/thumbs_ary_aguias4.jpg\" width=\"140\" height=\"200\" \/>\r\n\t\t\t\t\t\t\t<\/a>\r\n\t\t<\/div>\r\n\t<\/div>\r\n\t\r\n\t\t\r\n \t\t\r\n\t<div id=\"ngg-image-47\" class=\"ngg-gallery-thumbnail-box\" style=\"width:25%;\" >\r\n\t\t<div class=\"ngg-gallery-thumbnail\" >\r\n\t\t\t<a href=\"https:\/\/www.vigilanterodoviario.com.br\/retro\/wp-content\/gallery\/cartazes-filmografia\/vigilante-rodoviario1.jpg\" title=\"1964 - \r\n\r\nDirige e Produz &quot;O VIGILANTE EM MISS\u00c3O SECRETA&quot; vers\u00e3o para cinema\" rel=\"lightbox[set_1]\" >\r\n\t\t\t\t\t\t\t\t<img loading=\"lazy\" decoding=\"async\" title=\"vigilante-rodoviario1\" alt=\"vigilante-rodoviario1\" src=\"https:\/\/www.vigilanterodoviario.com.br\/retro\/wp-content\/gallery\/cartazes-filmografia\/thumbs\/thumbs_vigilante-rodoviario1.jpg\" width=\"140\" height=\"200\" \/>\r\n\t\t\t\t\t\t\t<\/a>\r\n\t\t<\/div>\r\n\t<\/div>\r\n\t\r\n\t\t\r\n \t\t\r\n\t<div id=\"ngg-image-29\" class=\"ngg-gallery-thumbnail-box\" style=\"width:25%;\" >\r\n\t\t<div class=\"ngg-gallery-thumbnail\" >\r\n\t\t\t<a href=\"https:\/\/www.vigilanterodoviario.com.br\/retro\/wp-content\/gallery\/cartazes-filmografia\/o-vigilante-e-os-5-valentes.jpg\" title=\"1964 - \r\n\r\nDirige e Produz &quot;O VIGILANTE E OS CINCO VALENTES&quot;\" rel=\"lightbox[set_1]\" >\r\n\t\t\t\t\t\t\t\t<img loading=\"lazy\" decoding=\"async\" title=\"o-vigilante-e-os-5-valentes\" alt=\"o-vigilante-e-os-5-valentes\" src=\"https:\/\/www.vigilanterodoviario.com.br\/retro\/wp-content\/gallery\/cartazes-filmografia\/thumbs\/thumbs_o-vigilante-e-os-5-valentes.jpg\" width=\"141\" height=\"200\" \/>\r\n\t\t\t\t\t\t\t<\/a>\r\n\t\t<\/div>\r\n\t<\/div>\r\n\t\r\n\t\t\r\n \t\t\r\n\t<div id=\"ngg-image-28\" class=\"ngg-gallery-thumbnail-box\" style=\"width:25%;\" >\r\n\t\t<div class=\"ngg-gallery-thumbnail\" >\r\n\t\t\t<a href=\"https:\/\/www.vigilanterodoviario.com.br\/retro\/wp-content\/gallery\/cartazes-filmografia\/o-vigilante-contra-o-crime.jpg\" title=\"1963 - \r\n\r\nDirige e Produz uma segunda vers\u00e3o para cinema do\r\n\r\n&quot;VIGILANTE CONTRA O CRIME&quot;\" rel=\"lightbox[set_1]\" >\r\n\t\t\t\t\t\t\t\t<img loading=\"lazy\" decoding=\"async\" title=\"o-vigilante-contra-o-crime\" alt=\"o-vigilante-contra-o-crime\" src=\"https:\/\/www.vigilanterodoviario.com.br\/retro\/wp-content\/gallery\/cartazes-filmografia\/thumbs\/thumbs_o-vigilante-contra-o-crime.jpg\" width=\"142\" height=\"200\" \/>\r\n\t\t\t\t\t\t\t<\/a>\r\n\t\t<\/div>\r\n\t<\/div>\r\n\t\r\n\t\t\t\t<br style=\"clear: both\" \/>\r\n\t\r\n \t\t\r\n\t<div id=\"ngg-image-30\" class=\"ngg-gallery-thumbnail-box\" style=\"width:25%;\" >\r\n\t\t<div class=\"ngg-gallery-thumbnail\" >\r\n\t\t\t<a href=\"https:\/\/www.vigilanterodoviario.com.br\/retro\/wp-content\/gallery\/cartazes-filmografia\/o-vigilante-rodoviario.jpg\" title=\"1960 - 1961\r\n\r\nCria, Produz, Dirige o primeiro seriado brasileiro\r\n\r\nintitulado &quot;O VIGILANTE RODOVI\u00c1RIO&quot;\r\n\r\nnum total de 38 epis\u00f3dios\" rel=\"lightbox[set_1]\" >\r\n\t\t\t\t\t\t\t\t<img loading=\"lazy\" decoding=\"async\" title=\"o-vigilante-rodoviario\" alt=\"o-vigilante-rodoviario\" src=\"https:\/\/www.vigilanterodoviario.com.br\/retro\/wp-content\/gallery\/cartazes-filmografia\/thumbs\/thumbs_o-vigilante-rodoviario.jpg\" width=\"132\" height=\"200\" \/>\r\n\t\t\t\t\t\t\t<\/a>\r\n\t\t<\/div>\r\n\t<\/div>\r\n\t\r\n\t\t\r\n \t \t\r\n\t<!-- Pagination -->\r\n \t<div class='ngg-navigation'><span class=\"current\">1<\/span><a class=\"page-numbers\" href=\"https:\/\/www.vigilanterodoviario.com.br\/retro\/cartazes-dos-filmes\/?nggpage=2\">2<\/a><a class=\"next\" id=\"ngg-next-2\" href=\"https:\/\/www.vigilanterodoviario.com.br\/retro\/cartazes-dos-filmes\/?nggpage=2\">&#9658;<\/a><\/div> \t\r\n<\/div>\r\n\r\n\n","protected":false},"excerpt":{"rendered":"","protected":false},"author":2,"featured_media":0,"parent":0,"menu_order":0,"comment_status":"closed","ping_status":"closed","template":"page-template-full.php","meta":{"footnotes":""},"class_list":["post-288","page","type-page","status-publish"],"_links":{"self":[{"href":"https:\/\/www.vigilanterodoviario.com.br\/retro\/wp-json\/wp\/v2\/pages\/288","targetHints":{"allow":["GET"]}}],"collection":[{"href":"https:\/\/www.vigilanterodoviario.com.br\/retro\/wp-json\/wp\/v2\/pages"}],"about":[{"href":"https:\/\/www.vigilanterodoviario.com.br\/retro\/wp-json\/wp\/v2\/types\/page"}],"author":[{"embeddable":true,"href":"https:\/\/www.vigilanterodoviario.com.br\/retro\/wp-json\/wp\/v2\/users\/2"}],"replies":[{"embeddable":true,"href":"https:\/\/www.vigilanterodoviario.com.br\/retro\/wp-json\/wp\/v2\/comments?post=288"}],"version-history":[{"count":0,"href":"https:\/\/www.vigilanterodoviario.com.br\/retro\/wp-json\/wp\/v2\/pages\/288\/revisions"}],"wp:attachment":[{"href":"https:\/\/www.vigilanterodoviario.com.br\/retro\/wp-json\/wp\/v2\/media?parent=288"}],"curies":[{"name":"wp","href":"https:\/\/api.w.org\/{rel}","templated":true}]}}