{"id":144,"date":"2015-11-12T21:12:33","date_gmt":"2015-11-12T21:12:33","guid":{"rendered":"http:\/\/www.vigilanterodoviario.com.br\/serie\/?page_id=144"},"modified":"2015-11-12T21:12:33","modified_gmt":"2015-11-12T21:12:33","slug":"a-volta","status":"publish","type":"page","link":"https:\/\/www.vigilanterodoviario.com.br\/retro\/a-volta\/","title":{"rendered":"A Volta"},"content":{"rendered":"<p>VIGILANTE RODOVI\u00c1RIO\u00ae &#8211; A HIST\u00d3RIA QUE O TEMPO N\u00c3O APAGA<br \/>\n1978: A Volta do VIGILANTE RODOVI\u00c1RIO\u00ae<\/p>\n<p><a href=\"http:\/\/www.vigilanterodoviario.com.br\/serie\/wp-content\/uploads\/2015\/11\/vigilante2.jpg\"><img loading=\"lazy\" decoding=\"async\" src=\"http:\/\/www.vigilanterodoviario.com.br\/serie\/wp-content\/uploads\/2015\/11\/vigilante2-300x417.jpg\" alt=\"Ary Fernandes grava  O Vigilante Rodovi\u00e1rio 2\" width=\"300\" height=\"417\" class=\"alignright size-medium wp-image-148\" \/><\/a>Em 1978, usando como pano de fundo a cidade interiorana de Atibaia, a 60 km de S\u00e3o Paulo, Ary Fernandes segue com seu sonho com o piloto para a segunda s\u00e9rie do &#8220;VIGILANTE RODOVI\u00c1RIO\u00ae&#8221;. <\/p>\n<p>Foi atrav\u00e9s da EMBRAFILMES (extinto Org\u00e3o Governamental), que o seu criador\te diretor da primeira vers\u00e3o da s\u00e9rie, o cineasta Ary Fernandes, sentiu que haveria uma chance de trazer novamente \u00e0 TV, o nosso primeiro e lend\u00e1rio her\u00f3i\tgenuinamente brasileiro, &#8220;O VIGILANTE RODOVI\u00c1RIO\u00ae&#8221;. <\/p>\n<p>O projeto da  EMBRAFILMES visava incentivar a produ\u00e7\u00e3o nacional de filmes de alta qualidade.<\/p>\n<p>Assim, essa entidade governamental abriu as inscri\u00e7\u00f5es para que os nossos cineastas apresentassem seus projetos cinematogr\u00e1ficos.<\/p>\n<p>Para sele\u00e7\u00e3o, a EMBRAFILMES baseou-se numa criteriosa triagem; na qual a criatividade, conte\u00fado, idoneidade da produtora e do cineasta respons\u00e1vel pelo projeto fossem fatores decisivos para escolha final.<\/p>\n<p>E foi assim, que Ary Fernandes e outros poucos cineastas participantes, foram selecionados e receberam incentivos financiados por esse \u00f3rg\u00e3o para a realiza\u00e7\u00e3o de suas obras.<\/p>\n<p><a href=\"http:\/\/www.vigilanterodoviario.com.br\/serie\/wp-content\/uploads\/2015\/11\/vigilante2a.jpg\"><img loading=\"lazy\" decoding=\"async\" src=\"http:\/\/www.vigilanterodoviario.com.br\/serie\/wp-content\/uploads\/2015\/11\/vigilante2a-300x233.jpg\" alt=\"Ary Fernandes com autoridades\" width=\"300\" height=\"233\" class=\"alignright size-medium wp-image-152\" \/><\/a>Contavam com total apoio dos Minist\u00e9rios da Educa\u00e7\u00e3o e Cultura e tamb\u00e9m do Minist\u00e9rio das Comunica\u00e7\u00f5es, visando o interesse para a produ\u00e7\u00e3o de filmes nacionais de gabarito para a televis\u00e3o brasileira; abrindo conseq\u00fcentemente, o mercado internacional tanto para os nossos filmes assim como para os nossos profissionais.<\/p>\n<p>Os produtores de filmes brasileiros j\u00e1 visavam assegurar o mercado do cinema nacional da forte concorr\u00eancia internacional.<\/p>\n<p>Com as fronteiras abertas para o mercado cinematogr\u00e1fico, haveria maior divulga\u00e7\u00e3o e reconhecimento do nome do Brasil em outros pa\u00edses.<\/p>\n<p>E foi dessa forma, que o cineasta  Ary Fernandes conclui totalmente em tecnicolor, com muita a\u00e7\u00e3o e aventura o piloto que seria o carro chefe para a nova saga &#8220;VIGILANTE RODOVI\u00c1RIO\u00ae&#8221;.<\/p>\n<p>A pel\u00edcula, totalmente remodelada para os padr\u00f5es daquela \u00e9poca, foi produzida pela empresa detentora dos direitos da marca &#8220;VIGILANTE RODOVI\u00c1RIO\u00ae&#8221;, a\tPROCITEL &#8211; Produ\u00e7\u00f5es Cine Televis\u00e3o Ltda, pertencente a Ary Fernandes.<\/p>\n<p>Coube tamb\u00e9m a este respeit\u00e1vel cineasta o argumento, roteiro, produ\u00e7\u00e3o e dire\u00e7\u00e3o do filme. <\/p>\n<p>A Produ\u00e7\u00e3o contou com inteira colabora\u00e7\u00e3o do Coronel PM CID BENEDITO MARQUES, o Comandante do 3\u00ba Batalh\u00e3o Policial de Choque e do Capit\u00e3o PM ALBINO CARLOS PAZELLI Comandante do Canil da Pol\u00edcia Militar.<\/p>\n<p>No elenco, vivendo o personagem Vigilante Carlos, o ator e gal\u00e3 do SBT Ant\u00f4nio Fonzar, contava com seu fiel amigo o c\u00e3o Lobo, vivido por 3 (tr\u00eas) c\u00e3es da ra\u00e7a Pastor Alem\u00e3o pertencentes ao Canil da Pol\u00edcia Militar do Estado de S\u00e3o Paulo.<\/p>\n<p><a href=\"http:\/\/www.vigilanterodoviario.com.br\/serie\/wp-content\/uploads\/2015\/11\/ary_compatrulheiros.jpg\"><img loading=\"lazy\" decoding=\"async\" src=\"http:\/\/www.vigilanterodoviario.com.br\/serie\/wp-content\/uploads\/2015\/11\/ary_compatrulheiros-300x280.jpg\" alt=\"Ary com Patrulheiros\" width=\"300\" height=\"280\" class=\"alignleft size-medium wp-image-150\" \/><\/a>Para o treinamento do ator nas cenas de luta um investigador de pol\u00edcia Sr. Orlando Magalh\u00e3es foi colocado \u00e0 disposi\u00e7\u00e3o da produ\u00e7\u00e3o gra\u00e7as \u00e0 colabora\u00e7\u00e3o do Exmo. Coronel Erasmo Dias, Secret\u00e1rio da Seguran\u00e7a P\u00fablica do Estado de S\u00e3o Paulo.<\/p>\n<p>Para orientar o ator no papel de Vigilante Rodovi\u00e1rio Carlos como proceder nas cenas realizadas na estrada, foi colocado a disposi\u00e7\u00e3o o 2\u00ba Sargento PM Rodovi\u00e1rio Benedito Lupe. <\/p>\n<p>Ao contr\u00e1rio do primeiro Lobo, que &#8216;n\u00e3o contava com dubl\u00eas&#8217; (seguia somente os comandos ensinados por Ary para controlar o animal em cena), o segundo personagem do c\u00e3o Lobo\tcontou com a participa\u00e7\u00e3o dos c\u00e3es: &#8220;Lobo&#8221;, &#8220;Dom&#8221; e &#8220;Ekel&#8221;, que atuavam sob comando do Sargento da Pol\u00edcia Militar Jos\u00e9 Roberto Gon\u00e7alvez e pelo SD PM Luiz Fernando Del Preto, acompanharam e ficaram as disposi\u00e7\u00f5es da equipe at\u00e9 o t\u00e9rmino das filmagens.<\/p>\n<p>Quanto ao personagem Tuca, foi vivido pelo garoto, Jonathans Carvalho Batista, de 11 anos de idade, descoberto por Ary Fernandes.<\/p>\n<p>Ap\u00f3s ser conclu\u00eddo, o filme foi entregue ao \u00d3rg\u00e3o Governamental competente, afim de ser submetido previamente \u00e0s autoridades da Censura Federal, para ent\u00e3o ser\tliberado para televis\u00e3o.<\/p>\n<p>Conseq\u00fcentemente, seria distribu\u00eddo ao canal que viesse a produzi-lo e apresentado diariamente em forma de seriado.<\/p>\n<p>Contudo, devido aos problemas enfrentados pela EMBRAFILMES, essa segunda s\u00e9rie que marcaria a volta do &#8220;VIGILANTE RODOVI\u00c1RIO\u00ae&#8221;, n\u00e3o p\u00f4de ser conclu\u00edda; ficando restrita ao filme piloto da s\u00e9rie.<\/p>\n<p>Hoje, essa obra do cineasta Ary Fernandes encontra-se depositada sob os cuidados da Cinemateca do Estado de S\u00e3o Paulo.<br \/>\n\t\t\t\t\t\t\t                                        Ary Fernandes<\/p>\n","protected":false},"excerpt":{"rendered":"<p>VIGILANTE RODOVI\u00c1RIO\u00ae &#8211; A HIST\u00d3RIA QUE O TEMPO N\u00c3O APAGA 1978: A Volta do VIGILANTE RODOVI\u00c1RIO\u00ae Em 1978, usando como pano de fundo a cidade interiorana de Atibaia, a 60 km de S\u00e3o Paulo, Ary Fernandes segue com seu sonho com o piloto para a segunda s\u00e9rie do &#8220;VIGILANTE RODOVI\u00c1RIO\u00ae&#8221;. Foi atrav\u00e9s da EMBRAFILMES (extinto &#8230; <a title=\"A Volta\" class=\"read-more\" href=\"https:\/\/www.vigilanterodoviario.com.br\/retro\/a-volta\/\">Acesse aqui<span class=\"screen-reader-text\">A Volta<\/span><\/a><\/p>\n","protected":false},"author":2,"featured_media":0,"parent":0,"menu_order":0,"comment_status":"closed","ping_status":"open","template":"","meta":{"footnotes":""},"class_list":["post-144","page","type-page","status-publish"],"_links":{"self":[{"href":"https:\/\/www.vigilanterodoviario.com.br\/retro\/wp-json\/wp\/v2\/pages\/144","targetHints":{"allow":["GET"]}}],"collection":[{"href":"https:\/\/www.vigilanterodoviario.com.br\/retro\/wp-json\/wp\/v2\/pages"}],"about":[{"href":"https:\/\/www.vigilanterodoviario.com.br\/retro\/wp-json\/wp\/v2\/types\/page"}],"author":[{"embeddable":true,"href":"https:\/\/www.vigilanterodoviario.com.br\/retro\/wp-json\/wp\/v2\/users\/2"}],"replies":[{"embeddable":true,"href":"https:\/\/www.vigilanterodoviario.com.br\/retro\/wp-json\/wp\/v2\/comments?post=144"}],"version-history":[{"count":0,"href":"https:\/\/www.vigilanterodoviario.com.br\/retro\/wp-json\/wp\/v2\/pages\/144\/revisions"}],"wp:attachment":[{"href":"https:\/\/www.vigilanterodoviario.com.br\/retro\/wp-json\/wp\/v2\/media?parent=144"}],"curies":[{"name":"wp","href":"https:\/\/api.w.org\/{rel}","templated":true}]}}