{"id":131,"date":"2015-11-12T20:03:34","date_gmt":"2015-11-12T20:03:34","guid":{"rendered":"http:\/\/www.vigilanterodoviario.com.br\/serie\/?page_id=131"},"modified":"2015-11-12T20:03:34","modified_gmt":"2015-11-12T20:03:34","slug":"nos-e-o-lobo","status":"publish","type":"page","link":"https:\/\/www.vigilanterodoviario.com.br\/retro\/depoimentos\/nos-e-o-lobo\/","title":{"rendered":"N\u00f3s e o Lobo"},"content":{"rendered":"<p>N\u00f3s e o Lobo \u2013 Lembran\u00e7as da minha Inf\u00e2ncia<\/p>\n<p>Minha hist\u00f3ria com o c\u00e3o Lobo n\u00e3o \u00e9 uma f\u00e1bula, mas sim uma parte de minha inf\u00e2ncia.<\/p>\n<p>Convivemos com o Lobo em casa, embora o animal n\u00e3o nos pertencesse, mas devido as filmagens ele ficava muito conosco.  Sou filha do Ary Fernandes, criador e diretor do seriado que come\u00e7ou exatamente na \u00e9poca em que nasci, 1961. <\/p>\n<p><a href=\"http:\/\/www.vigilanterodoviario.com.br\/serie\/wp-content\/uploads\/2015\/11\/noseolobo.jpg\"><img decoding=\"async\" src=\"http:\/\/www.vigilanterodoviario.com.br\/serie\/wp-content\/uploads\/2015\/11\/noseolobo.jpg\" alt=\"A fam\u00edlia e o Lobo\" width=\"550\" class=\"aligncenter size-full wp-image-134\" \/><\/a><\/p>\n<p>Tanto eu como o meu irm\u00e3o Fernando, nunca v\u00edamos o Lobo como um c\u00e3o famoso, uma estrela, para n\u00f3s era somente o nosso estimado c\u00e3o. Lembro-me que v\u00e1rias vezes iam busc\u00e1-lo em casa para entrar em cena. Fic\u00e1vamos tristes, pois como toda crian\u00e7a quer\u00edamos perto de n\u00f3s.<\/p>\n<p>Estranh\u00e1vamos tamb\u00e9m o ass\u00e9dio de adultos e de outras crian\u00e7as ao v\u00ea-lo. Eles ficavam emocionados e n\u00f3s, enciumados.  Lembro-me tamb\u00e9m, que meus pais nos levavam juntamente com o Carlinhos caracterizado como o personagem acompanhado do Lobo, em alguns eventos, as pessoas ficavam deslumbradas ao v\u00ea-los.<\/p>\n<p>Eu n\u00e3o entendia a fascina\u00e7\u00e3o das pessoas ao v\u00ea-los frente \u00e0 frente.  Quando viaj\u00e1vamos para o Rio de Janeiro, ele ficava hospedado no hotel junto conosco em nosso quarto.  Eu e o Fernando ador\u00e1vamos! Afinal \u00e9ramos crian\u00e7as!<\/p>\n<p>Outro fato interessante, \u00e9 que meu pai o levava para casa de seu verdadeiro dono (se eu n\u00e3o me engano chamava-se Lu\u00eds); por\u00e9m como havia acostumado conosco, ele  fugia e voltava para nossa casa. Vinha da Vila Maria onde morava at\u00e9 Santana farejando o caminho.<\/p>\n<p>Recordo-me que passados alguns dias, eu meu irm\u00e3o estranh\u00e1vamos a sua falta.  Naquela \u00e9poca, para n\u00e3o nos chocar, meus pais contaram que ele havia adoecido.  Infelizmente, em uma dessas escapadas de volta para nossa casa, ele fora atropelado e encontrado j\u00e1 sem vida.<\/p>\n<p>Hoje eu entendo o que aquele nosso amigo de quatro patas, que para n\u00f3s era apenas o Lobo, representou na hist\u00f3ria da televis\u00e3o brasileira. Sei que o Carlinhos e ele eram os her\u00f3is daquela \u00e9poca rom\u00e2ntica, a qual vivi t\u00e3o de perto e nunca imaginava a import\u00e2ncia da obra que meu pai havia criado.<\/p>\n<p>Da minha inf\u00e2ncia, lembro-me de ver nosso pai passar noite ap\u00f3s noite, andando pela \tcasa, fumando e escrevendo novos epis\u00f3dios. Quando fecho os olhos, escuto o ru\u00eddo do teclado da velha m\u00e1quina de escrever.<\/p>\n<p>O que escrevi aqui \u00e9 um pouco do outro lado da hist\u00f3ria.  S\u00e3o os bastidores vividos por duas crian\u00e7as que guardaram com carinho at\u00e9 os dias de hoje, a lembran\u00e7a sempre viva do nosso grande e estimado amigo; o c\u00e3o Lobo. \t<\/p>\n<p><em>Vania Fernandes Pesce<\/em><\/p>\n","protected":false},"excerpt":{"rendered":"<p>N\u00f3s e o Lobo \u2013 Lembran\u00e7as da minha Inf\u00e2ncia Minha hist\u00f3ria com o c\u00e3o Lobo n\u00e3o \u00e9 uma f\u00e1bula, mas sim uma parte de minha inf\u00e2ncia. Convivemos com o Lobo em casa, embora o animal n\u00e3o nos pertencesse, mas devido as filmagens ele ficava muito conosco. Sou filha do Ary Fernandes, criador e diretor do &#8230; <a title=\"N\u00f3s e o Lobo\" class=\"read-more\" href=\"https:\/\/www.vigilanterodoviario.com.br\/retro\/depoimentos\/nos-e-o-lobo\/\">Acesse aqui<span class=\"screen-reader-text\">N\u00f3s e o Lobo<\/span><\/a><\/p>\n","protected":false},"author":2,"featured_media":0,"parent":52,"menu_order":0,"comment_status":"closed","ping_status":"open","template":"","meta":{"footnotes":""},"class_list":["post-131","page","type-page","status-publish"],"_links":{"self":[{"href":"https:\/\/www.vigilanterodoviario.com.br\/retro\/wp-json\/wp\/v2\/pages\/131","targetHints":{"allow":["GET"]}}],"collection":[{"href":"https:\/\/www.vigilanterodoviario.com.br\/retro\/wp-json\/wp\/v2\/pages"}],"about":[{"href":"https:\/\/www.vigilanterodoviario.com.br\/retro\/wp-json\/wp\/v2\/types\/page"}],"author":[{"embeddable":true,"href":"https:\/\/www.vigilanterodoviario.com.br\/retro\/wp-json\/wp\/v2\/users\/2"}],"replies":[{"embeddable":true,"href":"https:\/\/www.vigilanterodoviario.com.br\/retro\/wp-json\/wp\/v2\/comments?post=131"}],"version-history":[{"count":0,"href":"https:\/\/www.vigilanterodoviario.com.br\/retro\/wp-json\/wp\/v2\/pages\/131\/revisions"}],"up":[{"embeddable":true,"href":"https:\/\/www.vigilanterodoviario.com.br\/retro\/wp-json\/wp\/v2\/pages\/52"}],"wp:attachment":[{"href":"https:\/\/www.vigilanterodoviario.com.br\/retro\/wp-json\/wp\/v2\/media?parent=131"}],"curies":[{"name":"wp","href":"https:\/\/api.w.org\/{rel}","templated":true}]}}